{"id":11398,"date":"2016-02-12T09:40:27","date_gmt":"2016-02-12T09:40:27","guid":{"rendered":"http:\/\/www.associaciobatibull.org\/es\/associacio-batibull-2\/"},"modified":"2022-03-14T12:10:21","modified_gmt":"2022-03-14T12:10:21","slug":"associacio-batibull","status":"publish","type":"page","link":"https:\/\/associaciobatibull.org\/es\/","title":{"rendered":"associacio batibull"},"content":{"rendered":"<p><div class=\"fusion-fullwidth fullwidth-box nonhundred-percent-fullwidth non-hundred-percent-height-scrolling\"  style='background-color: rgba(255,255,255,0);background-position: left top;background-repeat: no-repeat;padding-top:0px;padding-right:15px;padding-bottom:5px;padding-left:15px;border-top-width:0px;border-bottom-width:0px;border-color:#eae9e9;border-top-style:solid;border-bottom-style:solid;'><div class=\"fusion-builder-row fusion-row \"><div  class=\"fusion-layout-column fusion_builder_column fusion_builder_column_1_1  fusion-one-full fusion-column-first fusion-column-last fusion-column-no-min-height 1_1\"  style='margin-top:0px;margin-bottom:0px;'>\n\t\t\t\t\t<div class=\"fusion-column-wrapper\" style=\"padding: 0px 0px 0px 0px;background-position:left top;background-repeat:no-repeat;-webkit-background-size:cover;-moz-background-size:cover;-o-background-size:cover;background-size:cover;\"  data-bg-url=\"\">\n\t\t\t\t\t\t<style type='text\/css'>.reading-box-container-1 .element-bottomshadow:before,.reading-box-container-1 .element-bottomshadow:after{opacity:0.7;}<\/style><div class=\"fusion-reading-box-container reading-box-container-1\" style=\"margin-top:0px;margin-bottom:0px;\"><div class=\"reading-box reading-box-center\" style=\"background-color:#ffffff;border-width:0px;border-color:#ffffff;border-style:solid;\"><h2>L\u2019Associaci\u00f3 Batibull neix l\u2019any 1993 a Girona amb la finalitat de proporcionar el lleure com espai educatiu i l\u00fadic mitjan\u00e7ant projectes creatius.<\/h2><div class=\"reading-box-additional fusion-reading-box-additional\">\n<p style=\"text-align: center;\">Entenem l\u2019animaci\u00f3 sociocultural, cooperant activament amb l\u2019acci\u00f3 social i cultural de l\u2019entorn on es realitza la intervenci\u00f3 educativa<br \/>\nper tal de desenvolupar i transformar la comunitat.<br \/>\nDirigim i gestionem diverses iniciatives amb una clara metodologia pedag\u00f2gica basada en aquests tres pilars: <strong>PENSA-DECIDEIX-ACTUA<\/strong>.<\/p>\n<\/div><div class=\"fusion-clearfix\"><\/div><\/div><\/div><div class=\"fusion-clearfix\"><\/div>\n\n\t\t\t\t\t<\/div>\n\t\t\t\t<\/div><div  class=\"fusion-layout-column fusion_builder_column fusion_builder_column_1_1  fusion-one-full fusion-column-first fusion-column-last fusion-column-no-min-height 1_1\"  style='margin-top:0px;margin-bottom:0px;'>\n\t\t\t\t\t<div class=\"fusion-column-wrapper\" style=\"padding: 0px 0px 0px 0px;background-position:left top;background-repeat:no-repeat;-webkit-background-size:cover;-moz-background-size:cover;-o-background-size:cover;background-size:cover;\"  data-bg-url=\"\">\n\t\t\t\t\t\t<div class=\"fusion-flip-boxes flip-boxes row fusion-columns-3\"><div class=\"fusion-flip-box-wrapper fusion-column col-lg-4 col-md-4 col-sm-4\"><div class=\"fusion-flip-box\"><div class=\"flip-box-inner-wrapper\"><div class=\"flip-box-front\" style=\"background-color:#380d38;border-color:rgba(255,255,255,0);border-radius:4px;border-style:solid;border-width:1px;color:#ffffff;\"><div class=\"flip-box-front-inner\"><h2 class=\"flip-box-heading without-text\" style=\"color:#ffffff;\">PENSA<\/h2><\/div><\/div><div class=\"flip-box-back\" style=\"background-color:#e9a825;border-color:rgba(255,255,255,0);border-radius:4px;border-style:solid;border-width:1px;color:#ffffff;\"><div class=\"flip-box-back-inner\"><h3 class=\"flip-box-heading-back\" style=\"color:#ffffff;\">Qu\u00e8 t\u2019agradaria fer?<\/h3>Imagina<\/div><\/div><\/div><\/div><\/div><div class=\"fusion-flip-box-wrapper fusion-column col-lg-4 col-md-4 col-sm-4\"><div class=\"fusion-flip-box\"><div class=\"flip-box-inner-wrapper\"><div class=\"flip-box-front\" style=\"background-color:#380d38;border-color:rgba(255,255,255,0);border-radius:4px;border-style:solid;border-width:1px;color:#ffffff;\"><div class=\"flip-box-front-inner\"><h2 class=\"flip-box-heading without-text\" style=\"color:#ffffff;\">DECIDEIX<\/h2><\/div><\/div><div class=\"flip-box-back\" style=\"background-color:#e9a825;border-color:rgba(255,255,255,0);border-radius:4px;border-style:solid;border-width:1px;color:#ffffff;\"><div class=\"flip-box-back-inner\"><h3 class=\"flip-box-heading-back\" style=\"color:#ffffff;\">Com i quan ho far\u00e0s?<\/h3>Acci\u00f3<\/div><\/div><\/div><\/div><\/div><div class=\"fusion-flip-box-wrapper fusion-column col-lg-4 col-md-4 col-sm-4\"><div class=\"fusion-flip-box\"><div class=\"flip-box-inner-wrapper\"><div class=\"flip-box-front\" style=\"background-color:#380d38;border-color:rgba(255,255,255,0);border-radius:4px;border-style:solid;border-width:1px;color:#ffffff;\"><div class=\"flip-box-front-inner\"><h2 class=\"flip-box-heading without-text\" style=\"color:#ffffff;\">ACTUA<\/h2><\/div><\/div><div class=\"flip-box-back\" style=\"background-color:#e9a825;border-color:rgba(255,255,255,0);border-radius:4px;border-style:solid;border-width:1px;color:#ffffff;\"><div class=\"flip-box-back-inner\"><h3 class=\"flip-box-heading-back\" style=\"color:#ffffff;\">Realitza les teves idees<\/h3>Realitat<\/div><\/div><\/div><\/div><\/div><\/div><div class=\"fusion-clearfix\"><\/div><div class=\"fusion-sep-clear\"><\/div><div class=\"fusion-separator fusion-full-width-sep sep-single sep-dashed\" style=\"border-color:#e9a825;border-top-width:1px;margin-left: auto;margin-right: auto;margin-top:2px;margin-bottom:2px;\"><\/div><div class=\"fusion-clearfix\"><\/div>\n\n\t\t\t\t\t<\/div>\n\t\t\t\t<\/div><\/div><\/div><div class=\"fusion-fullwidth fullwidth-box nonhundred-percent-fullwidth non-hundred-percent-height-scrolling\"  style='background-color: rgba(255,255,255,0);background-position: left top;background-repeat: no-repeat;padding-top:20px;padding-right:0px;padding-bottom:8px;padding-left:0px;border-top-width:0px;border-bottom-width:0px;border-color:#eae9e9;border-top-style:solid;border-bottom-style:solid;'><div class=\"fusion-builder-row fusion-row \"><div  class=\"fusion-layout-column fusion_builder_column fusion_builder_column_1_3  fusion-one-third fusion-column-first 1_3\"  style='margin-top:0px;margin-bottom:20px;width:30.6666%; margin-right: 4%;'>\n\t\t\t\t\t<div class=\"fusion-column-wrapper\" style=\"padding: 0px 0px 0px 0px;background-position:left top;background-repeat:no-repeat;-webkit-background-size:cover;-moz-background-size:cover;-o-background-size:cover;background-size:cover;\"  data-bg-url=\"\">\n\t\t\t\t\t\t<div class=\"imageframe-align-center\"><span style=\"-moz-box-shadow: 0 0 3px rgba(0,0,0,.3);-webkit-box-shadow: 0 0 3px rgba(0,0,0,.3);box-shadow: 0 0 3px rgba(0,0,0,.3);\" class=\"fusion-imageframe imageframe-glow imageframe-1 hover-type-zoomin\"><a class=\"fusion-no-lightbox\" href=\"https:\/\/www.associaciobatibull.org\/es\/cocinamos-generaciones\/\" target=\"_self\"><img decoding=\"async\" src=\"http:\/\/www.associaciobatibull.org\/wp-content\/uploads\/2016\/02\/Cuinem-generacion.jpg\" width=\"\" height=\"\" alt=\"Cuinem generacions\" class=\"img-responsive\"\/><\/a><\/span><\/div><div class=\"fusion-sep-clear\"><\/div><div class=\"fusion-separator fusion-full-width-sep sep-none\" style=\"margin-left: auto;margin-right: auto;margin-top:3px;margin-bottom:3px;\"><\/div><div class=\"fusion-text\"><h3 style=\"text-align: center;\"><a href=\"http:\/\/www.associaciobatibull.org\/cuinem-generacions\/\">CUINEM GENERACIONS<\/a><\/h3>\n<p>Un projecte de lleure educatiu que pret\u00e9n establir un vincle intergeneracional entre persones grans i joves; per tal de millorar la cohesi\u00f3 social dels dos col\u2022lectius.<\/p>\n<\/div><div class=\"fusion-clearfix\"><\/div>\n\n\t\t\t\t\t<\/div>\n\t\t\t\t<\/div><div  class=\"fusion-layout-column fusion_builder_column fusion_builder_column_1_3  fusion-one-third 1_3\"  style='margin-top:0px;margin-bottom:20px;width:30.6666%; margin-right: 4%;'>\n\t\t\t\t\t<div class=\"fusion-column-wrapper\" style=\"padding: 0px 0px 0px 0px;background-position:left top;background-repeat:no-repeat;-webkit-background-size:cover;-moz-background-size:cover;-o-background-size:cover;background-size:cover;\"  data-bg-url=\"\">\n\t\t\t\t\t\t<div class=\"imageframe-align-center\"><span style=\"-moz-box-shadow: 0 0 3px rgba(0,0,0,.3);-webkit-box-shadow: 0 0 3px rgba(0,0,0,.3);box-shadow: 0 0 3px rgba(0,0,0,.3);\" class=\"fusion-imageframe imageframe-glow imageframe-2 hover-type-zoomin\"><a class=\"fusion-no-lightbox\" href=\"https:\/\/www.associaciobatibull.org\/es\/vida-doc\/\" target=\"_self\"><img decoding=\"async\" src=\"http:\/\/www.associaciobatibull.org\/wp-content\/uploads\/2016\/02\/vida.png\" width=\"\" height=\"\" alt=\"vida.doc\" class=\"img-responsive\"\/><\/a><\/span><\/div><div class=\"fusion-sep-clear\"><\/div><div class=\"fusion-separator fusion-full-width-sep sep-none\" style=\"margin-left: auto;margin-right: auto;margin-top:3px;margin-bottom:3px;\"><\/div><div class=\"fusion-text\"><h3 style=\"text-align: center;\"><a href=\"http:\/\/www.associaciobatibull.org\/vida-doc\/\">VIDA.do<\/a><\/h3>\n<p>Des de 2011 hem\u00a0incorporat la metodologia d\u2019intervenci\u00f3 socioeducativa i les habilitats per a la vida per promoure la salut com un proc\u00e9s d\u2019aprenentatge per a nens i joves.<\/p>\n<\/div><div class=\"fusion-clearfix\"><\/div>\n\n\t\t\t\t\t<\/div>\n\t\t\t\t<\/div><div  class=\"fusion-layout-column fusion_builder_column fusion_builder_column_1_3  fusion-one-third fusion-column-last 1_3\"  style='margin-top:0px;margin-bottom:20px;width:30.6666%'>\n\t\t\t\t\t<div class=\"fusion-column-wrapper\" style=\"padding: 0px 0px 0px 0px;background-position:left top;background-repeat:no-repeat;-webkit-background-size:cover;-moz-background-size:cover;-o-background-size:cover;background-size:cover;\"  data-bg-url=\"\">\n\t\t\t\t\t\t<div class=\"imageframe-align-center\"><span style=\"-moz-box-shadow: 0 0 3px rgba(0,0,0,.3);-webkit-box-shadow: 0 0 3px rgba(0,0,0,.3);box-shadow: 0 0 3px rgba(0,0,0,.3);\" class=\"fusion-imageframe imageframe-glow imageframe-3 hover-type-zoomin\"><a href=\"http:\/\/www.associaciobatibull.org\/wp-content\/uploads\/2016\/02\/morralla.png\" class=\"fusion-lightbox\" data-rel=\"iLightbox[30ec5e621e448fd2217]\"><img decoding=\"async\" src=\"http:\/\/www.associaciobatibull.org\/wp-content\/uploads\/2016\/02\/morralla.png\" width=\"\" height=\"\" alt=\"morralla\" class=\"img-responsive\"\/><\/a><\/span><\/div><div class=\"fusion-sep-clear\"><\/div><div class=\"fusion-separator fusion-full-width-sep sep-none\" style=\"margin-left: auto;margin-right: auto;margin-top:3px;margin-bottom:3px;\"><\/div><div class=\"fusion-text\"><h3 style=\"text-align: center;\">NAU 4<\/h3>\n<p>Representa un espai de lleure que promou la participaci\u00f3 dels joves de Blanes mitjan\u00e7ant l\u2019autogesti\u00f3 de les seves iniciatives. \u00c9s un punt de trobada i intercanvi pels joves.<\/p>\n<\/div><div class=\"fusion-clearfix\"><\/div>\n\n\t\t\t\t\t<\/div>\n\t\t\t\t<\/div><\/div><\/div><div class=\"fusion-fullwidth fullwidth-box nonhundred-percent-fullwidth non-hundred-percent-height-scrolling\"  style='background-color: rgba(255,255,255,0);background-position: left top;background-repeat: no-repeat;padding-top:8px;padding-right:0px;padding-bottom:20px;padding-left:0px;border-top-width:0px;border-bottom-width:0px;border-color:#eae9e9;border-top-style:solid;border-bottom-style:solid;'><div class=\"fusion-builder-row fusion-row \"><div  class=\"fusion-layout-column fusion_builder_column fusion_builder_column_1_3  fusion-one-third fusion-column-first 1_3\"  style='margin-top:0px;margin-bottom:20px;width:30.6666%; margin-right: 4%;'>\n\t\t\t\t\t<div class=\"fusion-column-wrapper\" style=\"padding: 0px 0px 0px 0px;background-position:left top;background-repeat:no-repeat;-webkit-background-size:cover;-moz-background-size:cover;-o-background-size:cover;background-size:cover;\"  data-bg-url=\"\">\n\t\t\t\t\t\t<div class=\"imageframe-align-center\"><span style=\"-moz-box-shadow: 0 0 3px rgba(0,0,0,.3);-webkit-box-shadow: 0 0 3px rgba(0,0,0,.3);box-shadow: 0 0 3px rgba(0,0,0,.3);\" class=\"fusion-imageframe imageframe-glow imageframe-4 hover-type-zoomin\"><a class=\"fusion-no-lightbox\" href=\"https:\/\/www.associaciobatibull.org\/es\/xeasc\/\" target=\"_self\"><img decoding=\"async\" src=\"http:\/\/www.associaciobatibull.org\/wp-content\/uploads\/2016\/02\/xeasc.jpg\" width=\"\" height=\"\" alt=\"xeasc\" class=\"img-responsive\"\/><\/a><\/span><\/div><div class=\"fusion-sep-clear\"><\/div><div class=\"fusion-separator fusion-full-width-sep sep-none\" style=\"margin-left: auto;margin-right: auto;margin-top:18px;\"><\/div><div class=\"fusion-text\"><h3 style=\"text-align: center;\"><a href=\"http:\/\/www.associaciobatibull.org\/xeasc\/\">XEASC<\/a><\/h3>\n<p>El XEASC \u00e9s la Xarxa d\u2019Entitats d\u2019Acci\u00f3 Social i Comunit\u00e0ria neix per posar en valor un model d\u2019acci\u00f3 educativa arrelat a la comunitat i referent en tot el territori per construir l\u2019acci\u00f3 social.<\/p>\n<\/div><div class=\"fusion-clearfix\"><\/div>\n\n\t\t\t\t\t<\/div>\n\t\t\t\t<\/div><div  class=\"fusion-layout-column fusion_builder_column fusion_builder_column_1_3  fusion-one-third 1_3\"  style='margin-top:0px;margin-bottom:20px;width:30.6666%; margin-right: 4%;'>\n\t\t\t\t\t<div class=\"fusion-column-wrapper\" style=\"padding: 0px 0px 0px 0px;background-position:left top;background-repeat:no-repeat;-webkit-background-size:cover;-moz-background-size:cover;-o-background-size:cover;background-size:cover;\"  data-bg-url=\"\">\n\t\t\t\t\t\t<div class=\"imageframe-align-center\"><span style=\"-moz-box-shadow: 0 0 3px rgba(0,0,0,.3);-webkit-box-shadow: 0 0 3px rgba(0,0,0,.3);box-shadow: 0 0 3px rgba(0,0,0,.3);\" class=\"fusion-imageframe imageframe-glow imageframe-5 hover-type-zoomin\"><a class=\"fusion-no-lightbox\" href=\"https:\/\/www.associaciobatibull.org\/es\/uec\/\" target=\"_self\"><img decoding=\"async\" src=\"http:\/\/www.associaciobatibull.org\/wp-content\/uploads\/2016\/02\/uoc.jpg\" width=\"\" height=\"\" alt=\"uec\" class=\"img-responsive\"\/><\/a><\/span><\/div><div class=\"fusion-sep-clear\"><\/div><div class=\"fusion-separator fusion-full-width-sep sep-none\" style=\"margin-left: auto;margin-right: auto;margin-top:18px;\"><\/div><div class=\"fusion-text\"><h3 style=\"text-align: center;\"><a href=\"http:\/\/www.associaciobatibull.org\/uec\/\">UEC BLANES<\/a><\/h3>\n<p>Les Unitats d\u2019Escolaritzaci\u00f3 Compartida consisteixen en un recurs educatiu dirigit a alumnes de 14 a 16 anys que estan cursant l&#8217;ESO per tal de poder assolir amb \u00e8xit aquesta etapa de la seva vida.<\/p>\n<\/div><div class=\"fusion-clearfix\"><\/div>\n\n\t\t\t\t\t<\/div>\n\t\t\t\t<\/div><div  class=\"fusion-layout-column fusion_builder_column fusion_builder_column_1_3  fusion-one-third fusion-column-last 1_3\"  style='margin-top:0px;margin-bottom:20px;width:30.6666%'>\n\t\t\t\t\t<div class=\"fusion-column-wrapper\" style=\"padding: 0px 0px 0px 0px;background-position:left top;background-repeat:no-repeat;-webkit-background-size:cover;-moz-background-size:cover;-o-background-size:cover;background-size:cover;\"  data-bg-url=\"\">\n\t\t\t\t\t\t<div class=\"imageframe-align-center\"><span style=\"-moz-box-shadow: 0 0 3px rgba(0,0,0,.3);-webkit-box-shadow: 0 0 3px rgba(0,0,0,.3);box-shadow: 0 0 3px rgba(0,0,0,.3);\" class=\"fusion-imageframe imageframe-glow imageframe-6 hover-type-zoomin\"><a href=\"http:\/\/www.associaciobatibull.org\/wp-content\/uploads\/2016\/02\/quimics.jpg\" class=\"fusion-lightbox\" data-rel=\"iLightbox[feef543a7289ada73e2]\"><img decoding=\"async\" src=\"http:\/\/www.associaciobatibull.org\/wp-content\/uploads\/2016\/02\/quimics.jpg\" width=\"\" height=\"\" alt=\"elsquimics\" class=\"img-responsive\"\/><\/a><\/span><\/div><div class=\"fusion-sep-clear\"><\/div><div class=\"fusion-separator fusion-full-width-sep sep-none\" style=\"margin-left: auto;margin-right: auto;margin-top:18px;\"><\/div><div class=\"fusion-text\"><h3 style=\"text-align: center;\"><a href=\"http:\/\/www.associaciobatibull.org\/els-quimics\/\">ELS QU\u00cdMICS<\/a><\/h3>\n<p>\u00c9s un equipament que ofereix un model d\u2019atenci\u00f3 integral als joves, una proposta de treball conjunta entre els professionals de Joventut i els professionals dels Serveis Socials B\u00e0sics.<\/p>\n<\/div><div class=\"fusion-clearfix\"><\/div>\n\n\t\t\t\t\t<\/div>\n\t\t\t\t<\/div><\/div><\/div><div class=\"fusion-fullwidth fullwidth-box hundred-percent-fullwidth non-hundred-percent-height-scrolling\"  style='background-color: rgba(255,255,255,0);background-position: center center;background-repeat: no-repeat;padding-top:0px;padding-right:0px;padding-bottom:0px;padding-left:0px;'><div class=\"fusion-builder-row fusion-row \"><div  class=\"fusion-layout-column fusion_builder_column fusion_builder_column_1_2  fusion-one-half fusion-column-first 1_2\"  style='margin-top:0px;margin-bottom:20px;width:48%; margin-right: 4%;'>\n\t\t\t\t\t<div class=\"fusion-column-wrapper\" style=\"padding: 0px 0px 0px 0px;background-position:left top;background-repeat:no-repeat;-webkit-background-size:cover;-moz-background-size:cover;-o-background-size:cover;background-size:cover;\"  data-bg-url=\"\">\n\t\t\t\t\t\t<div class=\"fusion-tabs fusion-tabs-1 clean horizontal-tabs icon-position-left\"><style type=\"text\/css\">#wrapper .fusion-tabs.fusion-tabs-1.clean .nav-tabs li a{border-color:#e9a825;}.fusion-tabs.fusion-tabs-1 .nav-tabs li a{background-color:#e9a825;}.fusion-tabs.fusion-tabs-1 .nav-tabs li.active a,.fusion-tabs.fusion-tabs-1 .nav-tabs li.active a:hover,.fusion-tabs.fusion-tabs-1 .nav-tabs li.active a:focus{background-color:#ffffff;}.fusion-tabs.fusion-tabs-1 .nav-tabs li a:hover{background-color:#ffffff;border-top-color:#ffffff;}.fusion-tabs.fusion-tabs-1 .tab-pane{background-color:#ffffff;}.fusion-tabs.fusion-tabs-1 .nav,.fusion-tabs.fusion-tabs-1 .nav-tabs,.fusion-tabs.fusion-tabs-1 .tab-content .tab-pane{border-color:#e9a825;}<\/style><div class=\"nav\"><ul class=\"nav-tabs nav-justified\"><li class=\"active\"><a class=\"tab-link\" data-toggle=\"tab\" id=\"fusion-tab-associaci\u00d3\" href=\"#tab-d075407c68ada377045\"><h4 class=\"fusion-tab-heading\">ASSOCIACI\u00d3<\/h4><\/a><\/li><li><a class=\"tab-link\" data-toggle=\"tab\" id=\"fusion-tab-lleure\" href=\"#tab-ff3e2e48441d376db99\"><h4 class=\"fusion-tab-heading\">LLEURE<\/h4><\/a><\/li><li><a class=\"tab-link\" data-toggle=\"tab\" id=\"fusion-tab-girona\" href=\"#tab-f6d42de855fdfa8e426\"><h4 class=\"fusion-tab-heading\">GIRONA<\/h4><\/a><\/li><\/ul><\/div><div class=\"tab-content\"><div class=\"nav fusion-mobile-tab-nav\"><ul class=\"nav-tabs nav-justified\"><li class=\"active\"><a class=\"tab-link\" data-toggle=\"tab\" id=\"mobile-fusion-tab-associaci\u00d3\" href=\"#tab-d075407c68ada377045\"><h4 class=\"fusion-tab-heading\">ASSOCIACI\u00d3<\/h4><\/a><\/li><\/ul><\/div><div class=\"tab-pane fade fusion-clearfix in active\" id=\"tab-d075407c68ada377045\">Una associaci\u00f3 \u00e9s una agrupaci\u00f3 de persones que s\u2019uneixen de manera volunt\u00e0ria per aconseguir, sense \u00e0nim de lucre, una finalitat comuna. Associaci\u00f3 defineix molt b\u00e9 les pautes de la forma de ser de Batibull, el moviment associatiu est\u00e0 molt arrelat a Girona\u00a0i respon a la voluntat de transformar la realitat a trav\u00e9s de la participaci\u00f3 i la cohesi\u00f3 social.<br \/>\nEls\u00a0membres d&#8217;una associaci\u00f3 tenen la capacitat de ser els protagonistes en la presa de decisions sobre tot all\u00f2 que els afecta, ja sigui participant o emprant els altres canals de participaci\u00f3 que tenen a l\u2019abast.<\/div><div class=\"nav fusion-mobile-tab-nav\"><ul class=\"nav-tabs nav-justified\"><li><a class=\"tab-link\" data-toggle=\"tab\" id=\"mobile-fusion-tab-lleure\" href=\"#tab-ff3e2e48441d376db99\"><h4 class=\"fusion-tab-heading\">LLEURE<\/h4><\/a><\/li><\/ul><\/div><div class=\"tab-pane fade fusion-clearfix\" id=\"tab-ff3e2e48441d376db99\">Des de l\u2019Associaci\u00f3 potenciem el lleure com un valor educatiu i social que permet als infants i joves la viv\u00e8ncia d\u2019experi\u00e8ncies satisfact\u00f2ries tant a nivell individual com col\u00b7lectiu. El lleure \u00e9s el temps de la lliure expressi\u00f3, de la creaci\u00f3 i de la diversi\u00f3 per\u00f2 tamb\u00e9 \u00e9s un temps per relacionar-se, per fer amistats , emocionar-se i descobrir el m\u00f3n que ens envolta.\u00a0El lleure tamb\u00e9 \u00e9s la millor eina per tal que infants i joves practiquin de manera divertida valors com la solidaritat, la democr\u00e0cia.<\/div><div class=\"nav fusion-mobile-tab-nav\"><ul class=\"nav-tabs nav-justified\"><li><a class=\"tab-link\" data-toggle=\"tab\" id=\"mobile-fusion-tab-girona\" href=\"#tab-f6d42de855fdfa8e426\"><h4 class=\"fusion-tab-heading\">GIRONA<\/h4><\/a><\/li><\/ul><\/div><div class=\"tab-pane fade fusion-clearfix\" id=\"tab-f6d42de855fdfa8e426\"><span lang=\"ca-ES\">L&#8217;Associaci\u00f3 Batibull neix a Girona amb la voluntat de potenciar el lleure <span class=\"hiddenGrammarError\">educatius<\/span> principalment dins la mateixa ciutat. Girona \u00e9s una ciutat petita, acollidora i humana que tots els avantatges de les grans ciutats. Amb els anys l&#8217;Associaci\u00f3 Batibull ha trobat a Girona i les seves comarques el lloc idoni per dur a terme els seus projectes educatius.<br \/>\nGirona t\u00e9 una llarga traject\u00f2ria en el temps lliure\u00a0i Batibull \u00e9s l&#8217;exemple amb m\u00e9s de 20 anys d&#8217;experi\u00e8ncia.\u00a0L&#8217;educaci\u00f3 en el lleure a Girona data aproximadament de 1900 i evoluciona per les iniciatives de l&#8217;administraci\u00f3, l&#8217;esgl\u00e9sia i la societat civil fins avui. \u00a0Hi podem trobar escoles de lleure, centres c\u00edvics,\u00a0col\u00f2nies escolars municipals, les guarderies-casals municipals, centres c\u00edvics&#8230;<br \/>\n<\/span><\/div><\/div><\/div><div class=\"fusion-clearfix\"><\/div>\n\n\t\t\t\t\t<\/div>\n\t\t\t\t<\/div><div  class=\"fusion-layout-column fusion_builder_column fusion_builder_column_1_2  fusion-one-half fusion-column-last 1_2\"  style='margin-top:0px;margin-bottom:20px;width:48%'>\n\t\t\t\t\t<div class=\"fusion-column-wrapper\" style=\"padding: 10px 10px 10px 10px;background-position:left top;background-repeat:no-repeat;-webkit-background-size:cover;-moz-background-size:cover;-o-background-size:cover;background-size:cover;\"  data-bg-url=\"\">\n\t\t\t\t\t\t<div class=\"fusion-title title sep-underline sep-dashed fusion-title-center fusion-title-size-two\" style=\"border-bottom-color:#e9a825;margin-top:0px;margin-bottom:31px;\"><h2 class=\"title-heading-center\">BATIBULL<\/h2><\/div><ul class=\"fusion-checklist fusion-checklist-1\" style=\"font-size:14px;line-height:23.8px;\"><li class=\"fusion-li-item\"><span style=\"background-color:#e9a825;font-size:12.32px;height:23.8px;width:23.8px;margin-right:9.8px;\" class=\"icon-wrapper circle-yes\"><i class=\"fusion-li-icon  fa fa-check\" style=\"color:#ffffff;\"><\/i><\/span><div class=\"fusion-li-item-content\" style=\"margin-left:33.6px;\">M\u00c9S DE 20 ANYS DEDICATS AL LLEURE EDUCATIU<\/div><\/li><li class=\"fusion-li-item\"><span style=\"background-color:#e9a825;font-size:12.32px;height:23.8px;width:23.8px;margin-right:9.8px;\" class=\"icon-wrapper circle-yes\"><i class=\"fusion-li-icon  fa fa-check\" style=\"color:#ffffff;\"><\/i><\/span><div class=\"fusion-li-item-content\" style=\"margin-left:33.6px;\">DIFERENTS RECONEIXEMENTS PER LA NOSTRE TRAJECT\u00d2RIA<\/div><\/li><li class=\"fusion-li-item\"><span style=\"background-color:#e9a825;font-size:12.32px;height:23.8px;width:23.8px;margin-right:9.8px;\" class=\"icon-wrapper circle-yes\"><i class=\"fusion-li-icon  fa fa-check\" style=\"color:#ffffff;\"><\/i><\/span><div class=\"fusion-li-item-content\" style=\"margin-left:33.6px;\">GRAN EXPER\u00c8NCIA EN FORMACI\u00d3 D&#8217;EDUCADORS EN EL LLEURE<\/div><\/li><li class=\"fusion-li-item\"><span style=\"background-color:#e9a825;font-size:12.32px;height:23.8px;width:23.8px;margin-right:9.8px;\" class=\"icon-wrapper circle-yes\"><i class=\"fusion-li-icon  fa fa-check\" style=\"color:#ffffff;\"><\/i><\/span><div class=\"fusion-li-item-content\" style=\"margin-left:33.6px;\">CREATIUS I INNOVADORS EN PROJECTES EDUCATIUS<\/div><\/li><li class=\"fusion-li-item\"><span style=\"background-color:#e9a825;font-size:12.32px;height:23.8px;width:23.8px;margin-right:9.8px;\" class=\"icon-wrapper circle-yes\"><i class=\"fusion-li-icon  fa fa-check\" style=\"color:#ffffff;\"><\/i><\/span><div class=\"fusion-li-item-content\" style=\"margin-left:33.6px;\">AMB ELS VALORS EXTERNS DE PENSA-DECIDEIX-ACTUA<\/div><\/li><li class=\"fusion-li-item\"><span style=\"background-color:#e9a825;font-size:12.32px;height:23.8px;width:23.8px;margin-right:9.8px;\" class=\"icon-wrapper circle-yes\"><i class=\"fusion-li-icon  fa fa-check\" style=\"color:#ffffff;\"><\/i><\/span><div class=\"fusion-li-item-content\" style=\"margin-left:33.6px;\">FOMENTEM EL VOLUNTARIAT A LA CIUTAT DE GIRONA<\/div><\/li><\/ul><div class=\"fusion-clearfix\"><\/div>\n\n\t\t\t\t\t<\/div>\n\t\t\t\t<\/div><div  class=\"fusion-layout-column fusion_builder_column fusion_builder_column_1_1  fusion-one-full fusion-column-first fusion-column-last fusion-column-no-min-height 1_1\"  style='margin-top:0px;margin-bottom:0px;'>\n\t\t\t\t\t<div class=\"fusion-column-wrapper\" style=\"padding: 0px 0px 0px 0px;background-position:left top;background-repeat:no-repeat;-webkit-background-size:cover;-moz-background-size:cover;-o-background-size:cover;background-size:cover;\"  data-bg-url=\"\">\n\t\t\t\t\t\t<div class=\"fusion-title title sep-underline sep-dashed fusion-title-center fusion-title-size-two\" style=\"border-bottom-color:#e9a825;margin-top:0px;margin-bottom:31px;\"><h2 class=\"title-heading-center\">COL\u00b7LABORADORS<\/h2><\/div><div class=\"fusion-image-carousel fusion-image-carousel-fixed\"><div class=\"fusion-carousel\" data-autoplay=\"no\" data-columns=\"6\" data-itemmargin=\"8\" data-itemwidth=\"180\" data-touchscroll=\"no\" data-imagesize=\"fixed\"><div class=\"fusion-carousel-positioner\"><ul class=\"fusion-carousel-holder\"><li class=\"fusion-carousel-item\"><div class=\"fusion-carousel-item-wrapper\"><div class=\"fusion-image-wrapper hover-type-none\"><a href=\"http:\/\/www.blanes.cat\/joventut\" target=\"_blank\" rel=\"noopener noreferrer\"><img decoding=\"async\" src=\"http:\/\/www.associaciobatibull.org\/wp-content\/uploads\/2016\/02\/blanes.png\" alt=\"\"\/><\/a><\/div><\/div><\/li><li class=\"fusion-carousel-item\"><div class=\"fusion-carousel-item-wrapper\"><div class=\"fusion-image-wrapper hover-type-none\"><a href=\"http:\/\/www2.girona.cat\/ca\/joventut\" target=\"_blank\" rel=\"noopener noreferrer\"><img decoding=\"async\" src=\"http:\/\/www.associaciobatibull.org\/wp-content\/uploads\/2016\/02\/girona.png\" alt=\"\"\/><\/a><\/div><\/div><\/li><li class=\"fusion-carousel-item\"><div class=\"fusion-carousel-item-wrapper\"><div class=\"fusion-image-wrapper hover-type-none\"><a href=\"http:\/\/www.lloret.cat\/seccions\/joventut\" target=\"_blank\" rel=\"noopener noreferrer\"><img decoding=\"async\" src=\"http:\/\/www.associaciobatibull.org\/wp-content\/uploads\/2016\/02\/lloret.png\" alt=\"\"\/><\/a><\/div><\/div><\/li><li class=\"fusion-carousel-item\"><div class=\"fusion-carousel-item-wrapper\"><div class=\"fusion-image-wrapper hover-type-none\"><a href=\"http:\/\/www.dipsalut.cat\/\" target=\"_blank\" rel=\"noopener noreferrer\"><img decoding=\"async\" src=\"http:\/\/www.associaciobatibull.org\/wp-content\/uploads\/2016\/02\/dipsalut.png\" alt=\"\"\/><\/a><\/div><\/div><\/li><li class=\"fusion-carousel-item\"><div class=\"fusion-carousel-item-wrapper\"><div class=\"fusion-image-wrapper hover-type-none\"><a href=\"http:\/\/cascat.org\/\" target=\"_blank\" rel=\"noopener noreferrer\"><img decoding=\"async\" src=\"http:\/\/www.associaciobatibull.org\/wp-content\/uploads\/2016\/02\/logo-cascat.png\" alt=\"\"\/><\/a><\/div><\/div><\/li><li class=\"fusion-carousel-item\"><div class=\"fusion-carousel-item-wrapper\"><div class=\"fusion-image-wrapper hover-type-none\"><a href=\"http:\/\/xeasc.com\/\" target=\"_blank\" rel=\"noopener noreferrer\"><img decoding=\"async\" src=\"http:\/\/www.associaciobatibull.org\/wp-content\/uploads\/2016\/02\/xeasc.png\" alt=\"\"\/><\/a><\/div><\/div><\/li><\/ul><div class=\"fusion-carousel-nav\"><span class=\"fusion-nav-prev\"><\/span><span class=\"fusion-nav-next\"><\/span><\/div><\/div><\/div><\/div><div class=\"fusion-clearfix\"><\/div>\n\n\t\t\t\t\t<\/div>\n\t\t\t\t<\/div><\/div><\/div><\/p>\n","protected":false},"excerpt":{"rendered":"","protected":false},"author":1,"featured_media":0,"parent":0,"menu_order":0,"comment_status":"closed","ping_status":"closed","template":"","meta":{"footnotes":""},"class_list":["post-11398","page","type-page","status-publish","hentry"],"yoast_head":"<!-- This site is optimized with the Yoast SEO plugin v26.6 - https:\/\/yoast.com\/wordpress\/plugins\/seo\/ -->\n<title>Associaci\u00f3n Batibull - Gestionar el ocio en Girona<\/title>\n<meta name=\"description\" content=\"Somos una Asociaci\u00f3n de ocio de la ciudad de Girona. Gestionamos iniciativas con una clara metodolog\u00eda pedag\u00f3gica basada en PIENSA - DECIDE - ACT\u00daA!\" \/>\n<meta name=\"robots\" content=\"index, follow, max-snippet:-1, max-image-preview:large, max-video-preview:-1\" \/>\n<link rel=\"canonical\" href=\"https:\/\/associaciobatibull.org\/es\/\" \/>\n<meta property=\"og:locale\" content=\"es_ES\" \/>\n<meta property=\"og:type\" content=\"article\" \/>\n<meta property=\"og:title\" content=\"Associaci\u00f3n Batibull - Gestionar el ocio en Girona\" \/>\n<meta property=\"og:description\" content=\"Somos una Asociaci\u00f3n de ocio de la ciudad de Girona. Gestionamos iniciativas con una clara metodolog\u00eda pedag\u00f3gica basada en PIENSA - DECIDE - ACT\u00daA!\" \/>\n<meta property=\"og:url\" content=\"https:\/\/associaciobatibull.org\/es\/\" \/>\n<meta property=\"og:site_name\" content=\"BATIBULL\" \/>\n<meta property=\"article:publisher\" content=\"https:\/\/www.facebook.com\/associaciobatibullgirona\/\" \/>\n<meta property=\"article:modified_time\" content=\"2022-03-14T12:10:21+00:00\" \/>\n<meta property=\"og:image\" content=\"http:\/\/www.associaciobatibull.org\/wp-content\/uploads\/2016\/02\/Cuinem-generacion.jpg\" \/>\n<meta name=\"twitter:card\" content=\"summary_large_image\" \/>\n<meta name=\"twitter:label1\" content=\"Tiempo de lectura\" \/>\n\t<meta name=\"twitter:data1\" content=\"14 minutos\" \/>\n<script type=\"application\/ld+json\" class=\"yoast-schema-graph\">{\"@context\":\"https:\/\/schema.org\",\"@graph\":[{\"@type\":\"WebPage\",\"@id\":\"https:\/\/associaciobatibull.org\/es\/\",\"url\":\"https:\/\/associaciobatibull.org\/es\/\",\"name\":\"Associaci\u00f3n Batibull - Gestionar el ocio en Girona\",\"isPartOf\":{\"@id\":\"https:\/\/associaciobatibull.org\/#website\"},\"primaryImageOfPage\":{\"@id\":\"https:\/\/associaciobatibull.org\/es\/#primaryimage\"},\"image\":{\"@id\":\"https:\/\/associaciobatibull.org\/es\/#primaryimage\"},\"thumbnailUrl\":\"http:\/\/www.associaciobatibull.org\/wp-content\/uploads\/2016\/02\/Cuinem-generacion.jpg\",\"datePublished\":\"2016-02-12T09:40:27+00:00\",\"dateModified\":\"2022-03-14T12:10:21+00:00\",\"description\":\"Somos una Asociaci\u00f3n de ocio de la ciudad de Girona. Gestionamos iniciativas con una clara metodolog\u00eda pedag\u00f3gica basada en PIENSA - DECIDE - ACT\u00daA!\",\"breadcrumb\":{\"@id\":\"https:\/\/associaciobatibull.org\/es\/#breadcrumb\"},\"inLanguage\":\"es\",\"potentialAction\":[{\"@type\":\"ReadAction\",\"target\":[\"https:\/\/associaciobatibull.org\/es\/\"]}]},{\"@type\":\"ImageObject\",\"inLanguage\":\"es\",\"@id\":\"https:\/\/associaciobatibull.org\/es\/#primaryimage\",\"url\":\"http:\/\/www.associaciobatibull.org\/wp-content\/uploads\/2016\/02\/Cuinem-generacion.jpg\",\"contentUrl\":\"http:\/\/www.associaciobatibull.org\/wp-content\/uploads\/2016\/02\/Cuinem-generacion.jpg\"},{\"@type\":\"BreadcrumbList\",\"@id\":\"https:\/\/associaciobatibull.org\/es\/#breadcrumb\",\"itemListElement\":[{\"@type\":\"ListItem\",\"position\":1,\"name\":\"Inici\",\"item\":\"https:\/\/associaciobatibull.org\/es\/\"},{\"@type\":\"ListItem\",\"position\":2,\"name\":\"associacio batibull\"}]},{\"@type\":\"WebSite\",\"@id\":\"https:\/\/associaciobatibull.org\/#website\",\"url\":\"https:\/\/associaciobatibull.org\/\",\"name\":\"BATIBULL\",\"description\":\"Associaci\u00f3 Juvenil de Girona\",\"publisher\":{\"@id\":\"https:\/\/associaciobatibull.org\/#organization\"},\"potentialAction\":[{\"@type\":\"SearchAction\",\"target\":{\"@type\":\"EntryPoint\",\"urlTemplate\":\"https:\/\/associaciobatibull.org\/?s={search_term_string}\"},\"query-input\":{\"@type\":\"PropertyValueSpecification\",\"valueRequired\":true,\"valueName\":\"search_term_string\"}}],\"inLanguage\":\"es\"},{\"@type\":\"Organization\",\"@id\":\"https:\/\/associaciobatibull.org\/#organization\",\"name\":\"BATIBULL\",\"alternateName\":\"Batibull\",\"url\":\"https:\/\/associaciobatibull.org\/\",\"logo\":{\"@type\":\"ImageObject\",\"inLanguage\":\"es\",\"@id\":\"https:\/\/associaciobatibull.org\/#\/schema\/logo\/image\/\",\"url\":\"https:\/\/www.associaciobatibull.org\/wp-content\/uploads\/2018\/05\/associacio-batibull-e1461772803928-1.png\",\"contentUrl\":\"https:\/\/www.associaciobatibull.org\/wp-content\/uploads\/2018\/05\/associacio-batibull-e1461772803928-1.png\",\"width\":191,\"height\":60,\"caption\":\"BATIBULL\"},\"image\":{\"@id\":\"https:\/\/associaciobatibull.org\/#\/schema\/logo\/image\/\"},\"sameAs\":[\"https:\/\/www.facebook.com\/associaciobatibullgirona\/\",\"https:\/\/www.instagram.com\/associaciobatibull\/\"]}]}<\/script>\n<!-- \/ Yoast SEO plugin. -->","yoast_head_json":{"title":"Associaci\u00f3n Batibull - Gestionar el ocio en Girona","description":"Somos una Asociaci\u00f3n de ocio de la ciudad de Girona. Gestionamos iniciativas con una clara metodolog\u00eda pedag\u00f3gica basada en PIENSA - DECIDE - ACT\u00daA!","robots":{"index":"index","follow":"follow","max-snippet":"max-snippet:-1","max-image-preview":"max-image-preview:large","max-video-preview":"max-video-preview:-1"},"canonical":"https:\/\/associaciobatibull.org\/es\/","og_locale":"es_ES","og_type":"article","og_title":"Associaci\u00f3n Batibull - Gestionar el ocio en Girona","og_description":"Somos una Asociaci\u00f3n de ocio de la ciudad de Girona. Gestionamos iniciativas con una clara metodolog\u00eda pedag\u00f3gica basada en PIENSA - DECIDE - ACT\u00daA!","og_url":"https:\/\/associaciobatibull.org\/es\/","og_site_name":"BATIBULL","article_publisher":"https:\/\/www.facebook.com\/associaciobatibullgirona\/","article_modified_time":"2022-03-14T12:10:21+00:00","og_image":[{"url":"http:\/\/www.associaciobatibull.org\/wp-content\/uploads\/2016\/02\/Cuinem-generacion.jpg","type":"","width":"","height":""}],"twitter_card":"summary_large_image","twitter_misc":{"Tiempo de lectura":"14 minutos"},"schema":{"@context":"https:\/\/schema.org","@graph":[{"@type":"WebPage","@id":"https:\/\/associaciobatibull.org\/es\/","url":"https:\/\/associaciobatibull.org\/es\/","name":"Associaci\u00f3n Batibull - Gestionar el ocio en Girona","isPartOf":{"@id":"https:\/\/associaciobatibull.org\/#website"},"primaryImageOfPage":{"@id":"https:\/\/associaciobatibull.org\/es\/#primaryimage"},"image":{"@id":"https:\/\/associaciobatibull.org\/es\/#primaryimage"},"thumbnailUrl":"http:\/\/www.associaciobatibull.org\/wp-content\/uploads\/2016\/02\/Cuinem-generacion.jpg","datePublished":"2016-02-12T09:40:27+00:00","dateModified":"2022-03-14T12:10:21+00:00","description":"Somos una Asociaci\u00f3n de ocio de la ciudad de Girona. Gestionamos iniciativas con una clara metodolog\u00eda pedag\u00f3gica basada en PIENSA - DECIDE - ACT\u00daA!","breadcrumb":{"@id":"https:\/\/associaciobatibull.org\/es\/#breadcrumb"},"inLanguage":"es","potentialAction":[{"@type":"ReadAction","target":["https:\/\/associaciobatibull.org\/es\/"]}]},{"@type":"ImageObject","inLanguage":"es","@id":"https:\/\/associaciobatibull.org\/es\/#primaryimage","url":"http:\/\/www.associaciobatibull.org\/wp-content\/uploads\/2016\/02\/Cuinem-generacion.jpg","contentUrl":"http:\/\/www.associaciobatibull.org\/wp-content\/uploads\/2016\/02\/Cuinem-generacion.jpg"},{"@type":"BreadcrumbList","@id":"https:\/\/associaciobatibull.org\/es\/#breadcrumb","itemListElement":[{"@type":"ListItem","position":1,"name":"Inici","item":"https:\/\/associaciobatibull.org\/es\/"},{"@type":"ListItem","position":2,"name":"associacio batibull"}]},{"@type":"WebSite","@id":"https:\/\/associaciobatibull.org\/#website","url":"https:\/\/associaciobatibull.org\/","name":"BATIBULL","description":"Associaci\u00f3 Juvenil de Girona","publisher":{"@id":"https:\/\/associaciobatibull.org\/#organization"},"potentialAction":[{"@type":"SearchAction","target":{"@type":"EntryPoint","urlTemplate":"https:\/\/associaciobatibull.org\/?s={search_term_string}"},"query-input":{"@type":"PropertyValueSpecification","valueRequired":true,"valueName":"search_term_string"}}],"inLanguage":"es"},{"@type":"Organization","@id":"https:\/\/associaciobatibull.org\/#organization","name":"BATIBULL","alternateName":"Batibull","url":"https:\/\/associaciobatibull.org\/","logo":{"@type":"ImageObject","inLanguage":"es","@id":"https:\/\/associaciobatibull.org\/#\/schema\/logo\/image\/","url":"https:\/\/www.associaciobatibull.org\/wp-content\/uploads\/2018\/05\/associacio-batibull-e1461772803928-1.png","contentUrl":"https:\/\/www.associaciobatibull.org\/wp-content\/uploads\/2018\/05\/associacio-batibull-e1461772803928-1.png","width":191,"height":60,"caption":"BATIBULL"},"image":{"@id":"https:\/\/associaciobatibull.org\/#\/schema\/logo\/image\/"},"sameAs":["https:\/\/www.facebook.com\/associaciobatibullgirona\/","https:\/\/www.instagram.com\/associaciobatibull\/"]}]}},"_links":{"self":[{"href":"https:\/\/associaciobatibull.org\/es\/wp-json\/wp\/v2\/pages\/11398","targetHints":{"allow":["GET"]}}],"collection":[{"href":"https:\/\/associaciobatibull.org\/es\/wp-json\/wp\/v2\/pages"}],"about":[{"href":"https:\/\/associaciobatibull.org\/es\/wp-json\/wp\/v2\/types\/page"}],"author":[{"embeddable":true,"href":"https:\/\/associaciobatibull.org\/es\/wp-json\/wp\/v2\/users\/1"}],"replies":[{"embeddable":true,"href":"https:\/\/associaciobatibull.org\/es\/wp-json\/wp\/v2\/comments?post=11398"}],"version-history":[{"count":15,"href":"https:\/\/associaciobatibull.org\/es\/wp-json\/wp\/v2\/pages\/11398\/revisions"}],"predecessor-version":[{"id":12244,"href":"https:\/\/associaciobatibull.org\/es\/wp-json\/wp\/v2\/pages\/11398\/revisions\/12244"}],"wp:attachment":[{"href":"https:\/\/associaciobatibull.org\/es\/wp-json\/wp\/v2\/media?parent=11398"}],"curies":[{"name":"wp","href":"https:\/\/api.w.org\/{rel}","templated":true}]}}