{"id":11311,"date":"2013-04-20T08:48:54","date_gmt":"2013-04-20T08:48:54","guid":{"rendered":"http:\/\/www.associaciobatibull.org\/es\/joves\/"},"modified":"2026-03-26T18:13:43","modified_gmt":"2026-03-26T18:13:43","slug":"jovenes","status":"publish","type":"page","link":"https:\/\/associaciobatibull.org\/es\/jovenes\/","title":{"rendered":"J\u00f3venes"},"content":{"rendered":"<p><div class=\"fusion-fullwidth fullwidth-box nonhundred-percent-fullwidth non-hundred-percent-height-scrolling\"  style='background-color: rgba(255,255,255,0);background-position: left top;background-repeat: no-repeat;padding-top:20px;padding-right:0px;padding-bottom:20px;padding-left:0px;border-top-width:0px;border-bottom-width:0px;border-color:#eae9e9;border-top-style:solid;border-bottom-style:solid;'><div class=\"fusion-builder-row fusion-row \"><div  class=\"fusion-layout-column fusion_builder_column fusion_builder_column_1_1  fusion-one-full fusion-column-first fusion-column-last fusion-column-no-min-height 1_1\"  style='margin-top:0px;margin-bottom:0px;'>\n\t\t\t\t\t<div class=\"fusion-column-wrapper\" style=\"background-position:left top;background-repeat:no-repeat;-webkit-background-size:cover;-moz-background-size:cover;-o-background-size:cover;background-size:cover;\"  data-bg-url=\"\">\n\t\t\t\t\t\t<div class=\"imageframe-align-center\"><span style=\"-moz-box-shadow: 0 0 3px rgba(0,0,0,.3);-webkit-box-shadow: 0 0 3px rgba(0,0,0,.3);box-shadow: 0 0 3px rgba(0,0,0,.3);\" class=\"fusion-imageframe imageframe-glow imageframe-1 hover-type-none\"><img decoding=\"async\" src=\"http:\/\/www.associaciobatibull.org\/wp-content\/uploads\/2013\/04\/joves2.jpg\" width=\"\" height=\"\" alt=\"\" title=\"\" class=\"img-responsive\"\/><\/span><\/div><div class=\"fusion-clearfix\"><\/div>\n\n\t\t\t\t\t<\/div>\n\t\t\t\t<\/div><\/div><\/div><div class=\"fusion-fullwidth fullwidth-box nonhundred-percent-fullwidth non-hundred-percent-height-scrolling\"  style='background-color: rgba(255,255,255,0);background-position: center top;background-repeat: no-repeat;padding-top:20px;padding-right:0px;padding-bottom:20px;padding-left:0px;border-top-width:0px;border-bottom-width:0px;border-color:#eae9e9;border-top-style:solid;border-bottom-style:solid;'><div class=\"fusion-builder-row fusion-row \"><div  class=\"fusion-layout-column fusion_builder_column fusion_builder_column_1_2  fusion-one-half fusion-column-first 1_2\"  style='margin-top:0px;margin-bottom:20px;width:48%; margin-right: 4%;'>\n\t\t\t\t\t<div class=\"fusion-column-wrapper\" style=\"padding: 15px;background-position:left top;background-repeat:no-repeat;-webkit-background-size:cover;-moz-background-size:cover;-o-background-size:cover;background-size:cover;\"  data-bg-url=\"\">\n\t\t\t\t\t\t<div class=\"fusion-text\"><p>LA F\u00c1BRICA, ESPACIO DE ENCUENTRO (2012-2014)<br \/>\nSalt<br \/>\nDesde el 2012 hasta la primavera de 2014, la Asociaci\u00f3n Batibull ha gestionado la F\u00e1brica espacio de encuentro, creando un espacio de referencia para los j\u00f3venes del municipio.<br \/>\nDurante nuestra gesti\u00f3n el servicio se ha centrado en la educaci\u00f3n no formal y de ocio, utilizando como hilo conductor diferentes actividades l\u00fadicas que han permitido realizar la acci\u00f3n educativa. Se ha dinamizado el espacio fundamentando la participaci\u00f3n juvenil, ofreciendo una alternativa al ocio mercantilista.<\/p>\n<p>Como espacio abierto ofrec\u00eda, talleres, juegos de mesa, Wii, campeonatos, charlas, cine-f\u00f3rum entre otras actividades En este espacio, tambi\u00e9n se han realizado diferentes actividades extraordinarias (incluidas dentro de las programaciones peri\u00f3dicas de actividades como por ejemplo el proyecto LIMBO) as\u00ed como actividades trimestrales para dar respuesta a la demanda juvenil<\/p>\n<p>ZONA JOVEN DE SANTA CRISTINA D&#8217;ARO (2010-2013)<br \/>\nSanta Cristina d&#8217;Aro<br \/>\nDesde 2010 hasta el verano de 2013, la Asociaci\u00f3n Batibull ha gestionado la Zona Joven de Sta. Cristina d&#8217;Aro, creando un espacio de referencia para los J\u00f3venes delmunicipio. Como espacio abierto ofrec\u00eda desde actividades deportivas, talleres, ludoteca, juegos de mesa, Wii, campeonatos, charlas, hasta Punto de Informaci\u00f3nJuvenil con asesoramiento sobre los diferentes servicios y recursos juveniles. En este espacio, se han realizado tambi\u00e9n diferentes actividades: extraordinarias (incluidas dentro de las programaciones peri\u00f3dicas de actividades, como campeonatos de Scalextrix, salidas, concursos literarios o jornadas art\u00edsticas), as\u00ed como actividadestrimestrales para dar respuesta a la demanda formativa realizada por la juventud del pueblo a la asamblea participativa anual.<\/p>\n<p>S\u00cd QUE CIRC (2012)<br \/>\nGirona, Els Qu\u00edmics Espai Jove \u2013 IES Santiago Sobrequ\u00e9s<br \/>\nPartiendo de la concepci\u00f3n de que el circo es un medio que promociona el crecimiento personal y social y trabajando las t\u00e9cnicas de circo dentro del marco de la acci\u00f3n educativa, el proyecto S\u00ed que Circ ten\u00eda como objetivo potenciar la creaci\u00f3n art\u00edstica, la expresi\u00f3n, la salud, el desarrollo de las habilidades psicomotrices y la pr\u00e1ctica de valores sociales.<\/p>\n<p>Utilizando como modelo educativo la pedagog\u00eda del ocio, se facilit\u00f3 un proceso creativo mediante las diferentes t\u00e9cnicas de circo: equilibrismo, malabares y acrobacia, combinando el deporte y el arte.<\/p>\n<p>Este proceso creativo, fue presentado el d\u00eda 02 de junio de 2012, dentro del marco de las jornadas de tienda en la calle, colaborando en las catas de diferentes actividades educativas y culturales.<\/p>\n<p>EL PORTAL JOVEN DE BLANES (2008-09-10-11-2012)<br \/>\nBlanes<br \/>\nEspacio de referencia, donde los dinamizadores recib\u00edan y orientaban a los y las j\u00f3venes del municipio, en aquellas dudas o consultas sobre estudios, trabajo, formaci\u00f3n&#8230;<\/p>\n<p>Servicio de informaci\u00f3n, desde los servicios disponibles, como los recursos que ofrec\u00eda la Administraci\u00f3n. Espacio de autoconsulta (ordenadores, conexi\u00f3n a Internet, servicio de fotocopias, impresi\u00f3n&#8230;).<\/p>\n<\/div><div class=\"fusion-clearfix\"><\/div>\n\n\t\t\t\t\t<\/div>\n\t\t\t\t<\/div><div  class=\"fusion-layout-column fusion_builder_column fusion_builder_column_1_2  fusion-one-half fusion-column-last 1_2\"  style='margin-top:0px;margin-bottom:20px;width:48%'>\n\t\t\t\t\t<div class=\"fusion-column-wrapper\" style=\"padding: 15px;background-position:left top;background-repeat:no-repeat;-webkit-background-size:cover;-moz-background-size:cover;-o-background-size:cover;background-size:cover;\"  data-bg-url=\"\">\n\t\t\t\t\t\t<div class=\"fusion-text\"><p>TARDES DE CIRCO EN LOS QU\u00cdMICS (2011)<br \/>\nGirona<br \/>\nDurante los jueves del mes de noviembre y diciembre de 2011, la Asociaci\u00f3n Batibull ha dinamizado las Tardes de Circo, en Los Qu\u00edmics Espacio Joven de Girona. Los participantes noveles han podido tomar un primer contacto con el mundo del circo y algunas de sus principales disciplinas como los malabares, el equilibrismo y la acrobacia.<\/p>\n<p>Al mismo tiempo, los participantes m\u00e1s experimentados han podido adquirir nuevos conocimientos y mejorar su t\u00e9cnica.<\/p>\n<p>PROCESO DE DINAMIZACI\u00d3N JUVENIL (2009-2010)<br \/>\nSanta Cristina de Aro<br \/>\nProyecto de dinamizaci\u00f3n que ha marcado como objetivo principal fomentar los espacios de participaci\u00f3n juvenil. Ha tenido como resultado la implantaci\u00f3n de una programaci\u00f3n fija de talleres\/cursos y la ejecuci\u00f3n de un fin de semana dedicado a la danza y la m\u00fasica.<\/p>\n<p>JO VAIG SER-HI (2008-2009)<br \/>\nGirona<br \/>\nProyecto intergeneracional entre adolescentes y personas mayores. Estaci\u00f3n joven, Casals de Mayores.<\/p>\n<p>J\u00d3VENES DE PEL\u00cdCULA (2007)<br \/>\nGirona<br \/>\nMediometraje protagonizado por adolescentes. Coproducci\u00f3n Red de Centros C\u00edvicos Girona.<br \/>\nFinanciaci\u00f3n: Ayuntamiento de Girona, Ministerio de Trabajo y Asuntos Sociales, Departamento de Gobernaci\u00f3n. Colaboraciones: InserCoin, Plan de Educaci\u00f3n y Convivencia, Escuela de Realizaci\u00f3n Audiovisual y Multimedia (ERAM), Centro Cultural Coma Cros de Salt, Asociaci\u00f3n de propietarios de Aguas Buenas de Caldes de Malavella. Asociaci\u00f3n de Silat La Grulla blanca de Girona, Flores Mar\u00eda Culubret y SKIKE.<\/p>\n<p>ESPACIOS J\u00d3VENES INTERCULTURALES, EJI (2007)<br \/>\nBlanes<br \/>\nDocumental: La realidad juvenil. Ayuntamiento de Blanes, SGJC.<\/p>\n<p>MY BOX (2007)<br \/>\nGirona<br \/>\nCentro C\u00edvico Pla de Palau.<\/p>\n<p>ART-CREA (2003-04-05)<br \/>\nGirona<br \/>\nTalleres art\u00edsticos dirigidos a adolescentes con riesgo social. Centro C\u00edvico Pont Major. Consejo Nacional de Juventud de Catalu\u00f1a (CNJC). Financiado por INJUVE (Instituto Nacional de la Juventud) Secretar\u00eda General de Juventud de Catalu\u00f1a (SGJC) y Ayuntamiento de Girona.<\/p>\n<p>CASAL JOVE (1998-2000)<br \/>\nGirona<br \/>\nCasal juvenil. Asociaci\u00f3n de Vecinos de Montju\u00efc.<\/p>\n<\/div><div class=\"fusion-clearfix\"><\/div>\n\n\t\t\t\t\t<\/div>\n\t\t\t\t<\/div><\/div><\/div><\/p>\n","protected":false},"excerpt":{"rendered":"","protected":false},"author":1,"featured_media":0,"parent":0,"menu_order":0,"comment_status":"closed","ping_status":"closed","template":"","meta":{"footnotes":""},"class_list":["post-11311","page","type-page","status-publish","hentry"],"yoast_head":"<!-- This site is optimized with the Yoast SEO plugin v26.6 - https:\/\/yoast.com\/wordpress\/plugins\/seo\/ -->\n<title>J\u00f3venes - Memoria de actividades de la Asociaci\u00f3n<\/title>\n<meta name=\"description\" content=\"Memoria de actividades con j\u00f3venes de la Asociaci\u00f3n de tiempo libre en Girona. Ejemplos de nuestra trayectoria.\" \/>\n<meta name=\"robots\" content=\"index, follow, max-snippet:-1, max-image-preview:large, max-video-preview:-1\" \/>\n<link rel=\"canonical\" href=\"https:\/\/associaciobatibull.org\/es\/jovenes\/\" \/>\n<meta property=\"og:locale\" content=\"es_ES\" \/>\n<meta property=\"og:type\" content=\"article\" \/>\n<meta property=\"og:title\" content=\"J\u00f3venes - Memoria de actividades de la Asociaci\u00f3n\" \/>\n<meta property=\"og:description\" content=\"Memoria de actividades con j\u00f3venes de la Asociaci\u00f3n de tiempo libre en Girona. Ejemplos de nuestra trayectoria.\" \/>\n<meta property=\"og:url\" content=\"https:\/\/associaciobatibull.org\/es\/jovenes\/\" \/>\n<meta property=\"og:site_name\" content=\"BATIBULL\" \/>\n<meta property=\"article:publisher\" content=\"https:\/\/www.facebook.com\/associaciobatibullgirona\/\" \/>\n<meta property=\"article:modified_time\" content=\"2026-03-26T18:13:43+00:00\" \/>\n<meta property=\"og:image\" content=\"http:\/\/www.associaciobatibull.org\/wp-content\/uploads\/2013\/04\/joves2.jpg\" \/>\n<meta name=\"twitter:card\" content=\"summary_large_image\" \/>\n<meta name=\"twitter:label1\" content=\"Tiempo de lectura\" \/>\n\t<meta name=\"twitter:data1\" content=\"6 minutos\" \/>\n<script type=\"application\/ld+json\" class=\"yoast-schema-graph\">{\"@context\":\"https:\/\/schema.org\",\"@graph\":[{\"@type\":\"WebPage\",\"@id\":\"https:\/\/associaciobatibull.org\/es\/jovenes\/\",\"url\":\"https:\/\/associaciobatibull.org\/es\/jovenes\/\",\"name\":\"J\u00f3venes - Memoria de actividades de la Asociaci\u00f3n\",\"isPartOf\":{\"@id\":\"https:\/\/associaciobatibull.org\/#website\"},\"primaryImageOfPage\":{\"@id\":\"https:\/\/associaciobatibull.org\/es\/jovenes\/#primaryimage\"},\"image\":{\"@id\":\"https:\/\/associaciobatibull.org\/es\/jovenes\/#primaryimage\"},\"thumbnailUrl\":\"http:\/\/www.associaciobatibull.org\/wp-content\/uploads\/2013\/04\/joves2.jpg\",\"datePublished\":\"2013-04-20T08:48:54+00:00\",\"dateModified\":\"2026-03-26T18:13:43+00:00\",\"description\":\"Memoria de actividades con j\u00f3venes de la Asociaci\u00f3n de tiempo libre en Girona. Ejemplos de nuestra trayectoria.\",\"breadcrumb\":{\"@id\":\"https:\/\/associaciobatibull.org\/es\/jovenes\/#breadcrumb\"},\"inLanguage\":\"es\",\"potentialAction\":[{\"@type\":\"ReadAction\",\"target\":[\"https:\/\/associaciobatibull.org\/es\/jovenes\/\"]}]},{\"@type\":\"ImageObject\",\"inLanguage\":\"es\",\"@id\":\"https:\/\/associaciobatibull.org\/es\/jovenes\/#primaryimage\",\"url\":\"http:\/\/www.associaciobatibull.org\/wp-content\/uploads\/2013\/04\/joves2.jpg\",\"contentUrl\":\"http:\/\/www.associaciobatibull.org\/wp-content\/uploads\/2013\/04\/joves2.jpg\"},{\"@type\":\"BreadcrumbList\",\"@id\":\"https:\/\/associaciobatibull.org\/es\/jovenes\/#breadcrumb\",\"itemListElement\":[{\"@type\":\"ListItem\",\"position\":1,\"name\":\"Inici\",\"item\":\"https:\/\/associaciobatibull.org\/es\/\"},{\"@type\":\"ListItem\",\"position\":2,\"name\":\"J\u00f3venes\"}]},{\"@type\":\"WebSite\",\"@id\":\"https:\/\/associaciobatibull.org\/#website\",\"url\":\"https:\/\/associaciobatibull.org\/\",\"name\":\"BATIBULL\",\"description\":\"Associaci\u00f3 Juvenil de Girona\",\"publisher\":{\"@id\":\"https:\/\/associaciobatibull.org\/#organization\"},\"potentialAction\":[{\"@type\":\"SearchAction\",\"target\":{\"@type\":\"EntryPoint\",\"urlTemplate\":\"https:\/\/associaciobatibull.org\/?s={search_term_string}\"},\"query-input\":{\"@type\":\"PropertyValueSpecification\",\"valueRequired\":true,\"valueName\":\"search_term_string\"}}],\"inLanguage\":\"es\"},{\"@type\":\"Organization\",\"@id\":\"https:\/\/associaciobatibull.org\/#organization\",\"name\":\"BATIBULL\",\"alternateName\":\"Batibull\",\"url\":\"https:\/\/associaciobatibull.org\/\",\"logo\":{\"@type\":\"ImageObject\",\"inLanguage\":\"es\",\"@id\":\"https:\/\/associaciobatibull.org\/#\/schema\/logo\/image\/\",\"url\":\"https:\/\/www.associaciobatibull.org\/wp-content\/uploads\/2018\/05\/associacio-batibull-e1461772803928-1.png\",\"contentUrl\":\"https:\/\/www.associaciobatibull.org\/wp-content\/uploads\/2018\/05\/associacio-batibull-e1461772803928-1.png\",\"width\":191,\"height\":60,\"caption\":\"BATIBULL\"},\"image\":{\"@id\":\"https:\/\/associaciobatibull.org\/#\/schema\/logo\/image\/\"},\"sameAs\":[\"https:\/\/www.facebook.com\/associaciobatibullgirona\/\",\"https:\/\/www.instagram.com\/associaciobatibull\/\"]}]}<\/script>\n<!-- \/ Yoast SEO plugin. -->","yoast_head_json":{"title":"J\u00f3venes - Memoria de actividades de la Asociaci\u00f3n","description":"Memoria de actividades con j\u00f3venes de la Asociaci\u00f3n de tiempo libre en Girona. Ejemplos de nuestra trayectoria.","robots":{"index":"index","follow":"follow","max-snippet":"max-snippet:-1","max-image-preview":"max-image-preview:large","max-video-preview":"max-video-preview:-1"},"canonical":"https:\/\/associaciobatibull.org\/es\/jovenes\/","og_locale":"es_ES","og_type":"article","og_title":"J\u00f3venes - Memoria de actividades de la Asociaci\u00f3n","og_description":"Memoria de actividades con j\u00f3venes de la Asociaci\u00f3n de tiempo libre en Girona. Ejemplos de nuestra trayectoria.","og_url":"https:\/\/associaciobatibull.org\/es\/jovenes\/","og_site_name":"BATIBULL","article_publisher":"https:\/\/www.facebook.com\/associaciobatibullgirona\/","article_modified_time":"2026-03-26T18:13:43+00:00","og_image":[{"url":"http:\/\/www.associaciobatibull.org\/wp-content\/uploads\/2013\/04\/joves2.jpg","type":"","width":"","height":""}],"twitter_card":"summary_large_image","twitter_misc":{"Tiempo de lectura":"6 minutos"},"schema":{"@context":"https:\/\/schema.org","@graph":[{"@type":"WebPage","@id":"https:\/\/associaciobatibull.org\/es\/jovenes\/","url":"https:\/\/associaciobatibull.org\/es\/jovenes\/","name":"J\u00f3venes - Memoria de actividades de la Asociaci\u00f3n","isPartOf":{"@id":"https:\/\/associaciobatibull.org\/#website"},"primaryImageOfPage":{"@id":"https:\/\/associaciobatibull.org\/es\/jovenes\/#primaryimage"},"image":{"@id":"https:\/\/associaciobatibull.org\/es\/jovenes\/#primaryimage"},"thumbnailUrl":"http:\/\/www.associaciobatibull.org\/wp-content\/uploads\/2013\/04\/joves2.jpg","datePublished":"2013-04-20T08:48:54+00:00","dateModified":"2026-03-26T18:13:43+00:00","description":"Memoria de actividades con j\u00f3venes de la Asociaci\u00f3n de tiempo libre en Girona. Ejemplos de nuestra trayectoria.","breadcrumb":{"@id":"https:\/\/associaciobatibull.org\/es\/jovenes\/#breadcrumb"},"inLanguage":"es","potentialAction":[{"@type":"ReadAction","target":["https:\/\/associaciobatibull.org\/es\/jovenes\/"]}]},{"@type":"ImageObject","inLanguage":"es","@id":"https:\/\/associaciobatibull.org\/es\/jovenes\/#primaryimage","url":"http:\/\/www.associaciobatibull.org\/wp-content\/uploads\/2013\/04\/joves2.jpg","contentUrl":"http:\/\/www.associaciobatibull.org\/wp-content\/uploads\/2013\/04\/joves2.jpg"},{"@type":"BreadcrumbList","@id":"https:\/\/associaciobatibull.org\/es\/jovenes\/#breadcrumb","itemListElement":[{"@type":"ListItem","position":1,"name":"Inici","item":"https:\/\/associaciobatibull.org\/es\/"},{"@type":"ListItem","position":2,"name":"J\u00f3venes"}]},{"@type":"WebSite","@id":"https:\/\/associaciobatibull.org\/#website","url":"https:\/\/associaciobatibull.org\/","name":"BATIBULL","description":"Associaci\u00f3 Juvenil de Girona","publisher":{"@id":"https:\/\/associaciobatibull.org\/#organization"},"potentialAction":[{"@type":"SearchAction","target":{"@type":"EntryPoint","urlTemplate":"https:\/\/associaciobatibull.org\/?s={search_term_string}"},"query-input":{"@type":"PropertyValueSpecification","valueRequired":true,"valueName":"search_term_string"}}],"inLanguage":"es"},{"@type":"Organization","@id":"https:\/\/associaciobatibull.org\/#organization","name":"BATIBULL","alternateName":"Batibull","url":"https:\/\/associaciobatibull.org\/","logo":{"@type":"ImageObject","inLanguage":"es","@id":"https:\/\/associaciobatibull.org\/#\/schema\/logo\/image\/","url":"https:\/\/www.associaciobatibull.org\/wp-content\/uploads\/2018\/05\/associacio-batibull-e1461772803928-1.png","contentUrl":"https:\/\/www.associaciobatibull.org\/wp-content\/uploads\/2018\/05\/associacio-batibull-e1461772803928-1.png","width":191,"height":60,"caption":"BATIBULL"},"image":{"@id":"https:\/\/associaciobatibull.org\/#\/schema\/logo\/image\/"},"sameAs":["https:\/\/www.facebook.com\/associaciobatibullgirona\/","https:\/\/www.instagram.com\/associaciobatibull\/"]}]}},"_links":{"self":[{"href":"https:\/\/associaciobatibull.org\/es\/wp-json\/wp\/v2\/pages\/11311","targetHints":{"allow":["GET"]}}],"collection":[{"href":"https:\/\/associaciobatibull.org\/es\/wp-json\/wp\/v2\/pages"}],"about":[{"href":"https:\/\/associaciobatibull.org\/es\/wp-json\/wp\/v2\/types\/page"}],"author":[{"embeddable":true,"href":"https:\/\/associaciobatibull.org\/es\/wp-json\/wp\/v2\/users\/1"}],"replies":[{"embeddable":true,"href":"https:\/\/associaciobatibull.org\/es\/wp-json\/wp\/v2\/comments?post=11311"}],"version-history":[{"count":2,"href":"https:\/\/associaciobatibull.org\/es\/wp-json\/wp\/v2\/pages\/11311\/revisions"}],"predecessor-version":[{"id":11703,"href":"https:\/\/associaciobatibull.org\/es\/wp-json\/wp\/v2\/pages\/11311\/revisions\/11703"}],"wp:attachment":[{"href":"https:\/\/associaciobatibull.org\/es\/wp-json\/wp\/v2\/media?parent=11311"}],"curies":[{"name":"wp","href":"https:\/\/api.w.org\/{rel}","templated":true}]}}