{"id":11302,"date":"2013-04-20T08:48:36","date_gmt":"2013-04-20T08:48:36","guid":{"rendered":"http:\/\/www.associaciobatibull.org\/es\/infants\/"},"modified":"2026-03-26T18:12:36","modified_gmt":"2026-03-26T18:12:36","slug":"ninos","status":"publish","type":"page","link":"https:\/\/associaciobatibull.org\/es\/ninos\/","title":{"rendered":"Ni\u00f1os"},"content":{"rendered":"<p><div class=\"fusion-fullwidth fullwidth-box nonhundred-percent-fullwidth non-hundred-percent-height-scrolling\"  style='background-color: rgba(255,255,255,0);background-position: left top;background-repeat: no-repeat;padding-top:20px;padding-right:0px;padding-bottom:20px;padding-left:0px;border-top-width:0px;border-bottom-width:0px;border-color:#eae9e9;border-top-style:solid;border-bottom-style:solid;'><div class=\"fusion-builder-row fusion-row \"><div  class=\"fusion-layout-column fusion_builder_column fusion_builder_column_1_1  fusion-one-full fusion-column-first fusion-column-last fusion-column-no-min-height 1_1\"  style='margin-top:0px;margin-bottom:0px;'>\n\t\t\t\t\t<div class=\"fusion-column-wrapper\" style=\"background-position:left top;background-repeat:no-repeat;-webkit-background-size:cover;-moz-background-size:cover;-o-background-size:cover;background-size:cover;\"  data-bg-url=\"\">\n\t\t\t\t\t\t<div class=\"imageframe-align-center\"><span style=\"-moz-box-shadow: 0 0 3px rgba(0,0,0,.3);-webkit-box-shadow: 0 0 3px rgba(0,0,0,.3);box-shadow: 0 0 3px rgba(0,0,0,.3);\" class=\"fusion-imageframe imageframe-glow imageframe-1 hover-type-none\"><img decoding=\"async\" src=\"http:\/\/www.associaciobatibull.org\/wp-content\/uploads\/2013\/04\/lleonet3.jpg\" width=\"\" height=\"\" alt=\"\" title=\"\" class=\"img-responsive\"\/><\/span><\/div><div class=\"fusion-clearfix\"><\/div>\n\n\t\t\t\t\t<\/div>\n\t\t\t\t<\/div><\/div><\/div><div class=\"fusion-fullwidth fullwidth-box nonhundred-percent-fullwidth non-hundred-percent-height-scrolling\"  style='background-color: rgba(255,255,255,0);background-position: center top;background-repeat: no-repeat;padding-top:20px;padding-right:0px;padding-bottom:20px;padding-left:0px;border-top-width:0px;border-bottom-width:0px;border-color:#eae9e9;border-top-style:solid;border-bottom-style:solid;'><div class=\"fusion-builder-row fusion-row \"><div  class=\"fusion-layout-column fusion_builder_column fusion_builder_column_1_2  fusion-one-half fusion-column-first 1_2\"  style='margin-top:0px;margin-bottom:20px;width:48%; margin-right: 4%;'>\n\t\t\t\t\t<div class=\"fusion-column-wrapper\" style=\"padding: 15px;background-position:left top;background-repeat:no-repeat;-webkit-background-size:cover;-moz-background-size:cover;-o-background-size:cover;background-size:cover;\"  data-bg-url=\"\">\n\t\t\t\t\t\t<div class=\"fusion-text\"><p>CASAL GROC (2013) \u2013 Ver v\u00eddeo \u00c1gora (eje de Animaci\u00f3n):<br \/>\nAyuntamiento de Girona<br \/>\nCasal de verano, CEIP Sta. Eugenia.<br \/>\nEste a\u00f1o 2013, a\u00f1o Europeo de los Ciudadanos, los participantes del casal han podido conocer los diferentes pa\u00edses europeos as\u00ed como diferentes derechos y deberes como ciudadanos.<\/p>\n<p>TALLER DE CIRCO (2005-06-07-08-09-2012)<br \/>\nAyuntamiento de Girona<br \/>\nCasal de verano, CEIP Santa. Eugenia.<\/p>\n<p>MURAL DE SANT JORDI (2011) * PREMIADO *<br \/>\nAyuntamiento de Blanes, Educaci\u00f3n Especial<br \/>\nLos ni\u00f1os\/as participantes del Casal Ventijol participaron en el concurso de dibujo organizado en el paseo mar\u00edtimo de Blanes. Proyecto educativo de ocio dedicado al colectivo con necesidades especial Ventijol, con el fin de colaborar con la mejora de la calidad de vida individual y colectiva.<\/p>\n<p>CASAL VENTIJOL (2007-08-09-2010) \u2013 Ver v\u00eddeo:<br \/>\nProyecto educativo de ocio dedicado al colectivo con necesidades especial Ventijol, con el fin de colaborar con la mejora de la calidad de vida individual y colectiva.Ayuntamiento de Blanes.<\/p>\n<p>COLONIAS DE VERANO BLANES (2007-2008)<br \/>\nAyuntamiento de Blanes<br \/>\nColonias infantiles, Can Tallada y Las Corominas.<\/p>\n<p>EXPODIVER (2006-07-2008)<br \/>\nAyuntamiento de Blanes<br \/>\nTalleres y juegos. Parque infantil de Navidad.<\/p>\n<\/div><div class=\"fusion-clearfix\"><\/div>\n\n\t\t\t\t\t<\/div>\n\t\t\t\t<\/div><div  class=\"fusion-layout-column fusion_builder_column fusion_builder_column_1_2  fusion-one-half fusion-column-last 1_2\"  style='margin-top:0px;margin-bottom:20px;width:48%'>\n\t\t\t\t\t<div class=\"fusion-column-wrapper\" style=\"padding: 15px;background-position:left top;background-repeat:no-repeat;-webkit-background-size:cover;-moz-background-size:cover;-o-background-size:cover;background-size:cover;\"  data-bg-url=\"\">\n\t\t\t\t\t\t<div class=\"fusion-text\"><p>LUDOTECA EN CATAL\u00c0 (2006-2007)<br \/>\nAyuntamiento de Blanes<br \/>\nLudoteca infantil de Navidad.<\/p>\n<p>EXPLOART (2005-2006)<br \/>\nAyuntamiento de Girona<br \/>\nTalleres art\u00edsticos para ni\u00f1os de 3 a 6 a\u00f1os. Centro C\u00edvico Pont Major.<\/p>\n<p>CASAL DE VERANO PONT MAJOR (2004-05-2007)<br \/>\nAyuntamiento de Girona<br \/>\nCasal infantil. Centro C\u00edvico Pont Major.<\/p>\n<p>CASAL DE VERANO EL PLA (2003-04-05-06-07-2008) \u2013 Ver videos:<br \/>\nAyuntamiento de Girona<br \/>\nCasal infantil. CEIP El pla de Girona.<\/p>\n<p>ESPLAI INFANTIL (2000-2002)<br \/>\nGirona<br \/>\nEsplai infantil. Asociaci\u00f3n de Vecinos de Montju\u00efc.<\/p>\n<p>CASAL DE VERANO (1998-2002)<br \/>\nAyuntamiento de Girona<br \/>\nCasal infantil. CEIP Montju\u00efc.<\/p>\n<p>COLONIAS DE VERANO (1994-1996) *PREMIADO*<br \/>\nAyuntamiento de Barcelona<br \/>\nProyecto: El pa\u00eds de las 7 \u00a0lunas; Proyecto: Oikos &#8220;La Encina Milenaria&#8221;.<\/p>\n<\/div><div class=\"fusion-clearfix\"><\/div>\n\n\t\t\t\t\t<\/div>\n\t\t\t\t<\/div><\/div><\/div><\/p>\n","protected":false},"excerpt":{"rendered":"","protected":false},"author":1,"featured_media":0,"parent":0,"menu_order":0,"comment_status":"closed","ping_status":"closed","template":"","meta":{"footnotes":""},"class_list":["post-11302","page","type-page","status-publish","hentry"],"yoast_head":"<!-- This site is optimized with the Yoast SEO plugin v26.6 - https:\/\/yoast.com\/wordpress\/plugins\/seo\/ -->\n<title>Ni\u00f1os - Memoria de proyectos educativos de Batibull<\/title>\n<meta name=\"description\" content=\"Memoria con el listado de proyectos educativos realizados por la Asociaci\u00f3n Batibull desde 1994 hasta la actualidad en Girona.\" \/>\n<meta name=\"robots\" content=\"index, follow, max-snippet:-1, max-image-preview:large, max-video-preview:-1\" \/>\n<link rel=\"canonical\" href=\"https:\/\/associaciobatibull.org\/es\/ninos\/\" \/>\n<meta property=\"og:locale\" content=\"es_ES\" \/>\n<meta property=\"og:type\" content=\"article\" \/>\n<meta property=\"og:title\" content=\"Ni\u00f1os - Memoria de proyectos educativos de Batibull\" \/>\n<meta property=\"og:description\" content=\"Memoria con el listado de proyectos educativos realizados por la Asociaci\u00f3n Batibull desde 1994 hasta la actualidad en Girona.\" \/>\n<meta property=\"og:url\" content=\"https:\/\/associaciobatibull.org\/es\/ninos\/\" \/>\n<meta property=\"og:site_name\" content=\"BATIBULL\" \/>\n<meta property=\"article:publisher\" content=\"https:\/\/www.facebook.com\/associaciobatibullgirona\/\" \/>\n<meta property=\"article:modified_time\" content=\"2026-03-26T18:12:36+00:00\" \/>\n<meta property=\"og:image\" content=\"http:\/\/www.associaciobatibull.org\/wp-content\/uploads\/2013\/04\/lleonet3.jpg\" \/>\n<meta name=\"twitter:card\" content=\"summary_large_image\" \/>\n<meta name=\"twitter:label1\" content=\"Tiempo de lectura\" \/>\n\t<meta name=\"twitter:data1\" content=\"4 minutos\" \/>\n<script type=\"application\/ld+json\" class=\"yoast-schema-graph\">{\"@context\":\"https:\/\/schema.org\",\"@graph\":[{\"@type\":\"WebPage\",\"@id\":\"https:\/\/associaciobatibull.org\/es\/ninos\/\",\"url\":\"https:\/\/associaciobatibull.org\/es\/ninos\/\",\"name\":\"Ni\u00f1os - Memoria de proyectos educativos de Batibull\",\"isPartOf\":{\"@id\":\"https:\/\/associaciobatibull.org\/#website\"},\"primaryImageOfPage\":{\"@id\":\"https:\/\/associaciobatibull.org\/es\/ninos\/#primaryimage\"},\"image\":{\"@id\":\"https:\/\/associaciobatibull.org\/es\/ninos\/#primaryimage\"},\"thumbnailUrl\":\"http:\/\/www.associaciobatibull.org\/wp-content\/uploads\/2013\/04\/lleonet3.jpg\",\"datePublished\":\"2013-04-20T08:48:36+00:00\",\"dateModified\":\"2026-03-26T18:12:36+00:00\",\"description\":\"Memoria con el listado de proyectos educativos realizados por la Asociaci\u00f3n Batibull desde 1994 hasta la actualidad en Girona.\",\"breadcrumb\":{\"@id\":\"https:\/\/associaciobatibull.org\/es\/ninos\/#breadcrumb\"},\"inLanguage\":\"es\",\"potentialAction\":[{\"@type\":\"ReadAction\",\"target\":[\"https:\/\/associaciobatibull.org\/es\/ninos\/\"]}]},{\"@type\":\"ImageObject\",\"inLanguage\":\"es\",\"@id\":\"https:\/\/associaciobatibull.org\/es\/ninos\/#primaryimage\",\"url\":\"http:\/\/www.associaciobatibull.org\/wp-content\/uploads\/2013\/04\/lleonet3.jpg\",\"contentUrl\":\"http:\/\/www.associaciobatibull.org\/wp-content\/uploads\/2013\/04\/lleonet3.jpg\"},{\"@type\":\"BreadcrumbList\",\"@id\":\"https:\/\/associaciobatibull.org\/es\/ninos\/#breadcrumb\",\"itemListElement\":[{\"@type\":\"ListItem\",\"position\":1,\"name\":\"Inici\",\"item\":\"https:\/\/associaciobatibull.org\/es\/\"},{\"@type\":\"ListItem\",\"position\":2,\"name\":\"Ni\u00f1os\"}]},{\"@type\":\"WebSite\",\"@id\":\"https:\/\/associaciobatibull.org\/#website\",\"url\":\"https:\/\/associaciobatibull.org\/\",\"name\":\"BATIBULL\",\"description\":\"Associaci\u00f3 Juvenil de Girona\",\"publisher\":{\"@id\":\"https:\/\/associaciobatibull.org\/#organization\"},\"potentialAction\":[{\"@type\":\"SearchAction\",\"target\":{\"@type\":\"EntryPoint\",\"urlTemplate\":\"https:\/\/associaciobatibull.org\/?s={search_term_string}\"},\"query-input\":{\"@type\":\"PropertyValueSpecification\",\"valueRequired\":true,\"valueName\":\"search_term_string\"}}],\"inLanguage\":\"es\"},{\"@type\":\"Organization\",\"@id\":\"https:\/\/associaciobatibull.org\/#organization\",\"name\":\"BATIBULL\",\"alternateName\":\"Batibull\",\"url\":\"https:\/\/associaciobatibull.org\/\",\"logo\":{\"@type\":\"ImageObject\",\"inLanguage\":\"es\",\"@id\":\"https:\/\/associaciobatibull.org\/#\/schema\/logo\/image\/\",\"url\":\"https:\/\/www.associaciobatibull.org\/wp-content\/uploads\/2018\/05\/associacio-batibull-e1461772803928-1.png\",\"contentUrl\":\"https:\/\/www.associaciobatibull.org\/wp-content\/uploads\/2018\/05\/associacio-batibull-e1461772803928-1.png\",\"width\":191,\"height\":60,\"caption\":\"BATIBULL\"},\"image\":{\"@id\":\"https:\/\/associaciobatibull.org\/#\/schema\/logo\/image\/\"},\"sameAs\":[\"https:\/\/www.facebook.com\/associaciobatibullgirona\/\",\"https:\/\/www.instagram.com\/associaciobatibull\/\"]}]}<\/script>\n<!-- \/ Yoast SEO plugin. -->","yoast_head_json":{"title":"Ni\u00f1os - Memoria de proyectos educativos de Batibull","description":"Memoria con el listado de proyectos educativos realizados por la Asociaci\u00f3n Batibull desde 1994 hasta la actualidad en Girona.","robots":{"index":"index","follow":"follow","max-snippet":"max-snippet:-1","max-image-preview":"max-image-preview:large","max-video-preview":"max-video-preview:-1"},"canonical":"https:\/\/associaciobatibull.org\/es\/ninos\/","og_locale":"es_ES","og_type":"article","og_title":"Ni\u00f1os - Memoria de proyectos educativos de Batibull","og_description":"Memoria con el listado de proyectos educativos realizados por la Asociaci\u00f3n Batibull desde 1994 hasta la actualidad en Girona.","og_url":"https:\/\/associaciobatibull.org\/es\/ninos\/","og_site_name":"BATIBULL","article_publisher":"https:\/\/www.facebook.com\/associaciobatibullgirona\/","article_modified_time":"2026-03-26T18:12:36+00:00","og_image":[{"url":"http:\/\/www.associaciobatibull.org\/wp-content\/uploads\/2013\/04\/lleonet3.jpg","type":"","width":"","height":""}],"twitter_card":"summary_large_image","twitter_misc":{"Tiempo de lectura":"4 minutos"},"schema":{"@context":"https:\/\/schema.org","@graph":[{"@type":"WebPage","@id":"https:\/\/associaciobatibull.org\/es\/ninos\/","url":"https:\/\/associaciobatibull.org\/es\/ninos\/","name":"Ni\u00f1os - Memoria de proyectos educativos de Batibull","isPartOf":{"@id":"https:\/\/associaciobatibull.org\/#website"},"primaryImageOfPage":{"@id":"https:\/\/associaciobatibull.org\/es\/ninos\/#primaryimage"},"image":{"@id":"https:\/\/associaciobatibull.org\/es\/ninos\/#primaryimage"},"thumbnailUrl":"http:\/\/www.associaciobatibull.org\/wp-content\/uploads\/2013\/04\/lleonet3.jpg","datePublished":"2013-04-20T08:48:36+00:00","dateModified":"2026-03-26T18:12:36+00:00","description":"Memoria con el listado de proyectos educativos realizados por la Asociaci\u00f3n Batibull desde 1994 hasta la actualidad en Girona.","breadcrumb":{"@id":"https:\/\/associaciobatibull.org\/es\/ninos\/#breadcrumb"},"inLanguage":"es","potentialAction":[{"@type":"ReadAction","target":["https:\/\/associaciobatibull.org\/es\/ninos\/"]}]},{"@type":"ImageObject","inLanguage":"es","@id":"https:\/\/associaciobatibull.org\/es\/ninos\/#primaryimage","url":"http:\/\/www.associaciobatibull.org\/wp-content\/uploads\/2013\/04\/lleonet3.jpg","contentUrl":"http:\/\/www.associaciobatibull.org\/wp-content\/uploads\/2013\/04\/lleonet3.jpg"},{"@type":"BreadcrumbList","@id":"https:\/\/associaciobatibull.org\/es\/ninos\/#breadcrumb","itemListElement":[{"@type":"ListItem","position":1,"name":"Inici","item":"https:\/\/associaciobatibull.org\/es\/"},{"@type":"ListItem","position":2,"name":"Ni\u00f1os"}]},{"@type":"WebSite","@id":"https:\/\/associaciobatibull.org\/#website","url":"https:\/\/associaciobatibull.org\/","name":"BATIBULL","description":"Associaci\u00f3 Juvenil de Girona","publisher":{"@id":"https:\/\/associaciobatibull.org\/#organization"},"potentialAction":[{"@type":"SearchAction","target":{"@type":"EntryPoint","urlTemplate":"https:\/\/associaciobatibull.org\/?s={search_term_string}"},"query-input":{"@type":"PropertyValueSpecification","valueRequired":true,"valueName":"search_term_string"}}],"inLanguage":"es"},{"@type":"Organization","@id":"https:\/\/associaciobatibull.org\/#organization","name":"BATIBULL","alternateName":"Batibull","url":"https:\/\/associaciobatibull.org\/","logo":{"@type":"ImageObject","inLanguage":"es","@id":"https:\/\/associaciobatibull.org\/#\/schema\/logo\/image\/","url":"https:\/\/www.associaciobatibull.org\/wp-content\/uploads\/2018\/05\/associacio-batibull-e1461772803928-1.png","contentUrl":"https:\/\/www.associaciobatibull.org\/wp-content\/uploads\/2018\/05\/associacio-batibull-e1461772803928-1.png","width":191,"height":60,"caption":"BATIBULL"},"image":{"@id":"https:\/\/associaciobatibull.org\/#\/schema\/logo\/image\/"},"sameAs":["https:\/\/www.facebook.com\/associaciobatibullgirona\/","https:\/\/www.instagram.com\/associaciobatibull\/"]}]}},"_links":{"self":[{"href":"https:\/\/associaciobatibull.org\/es\/wp-json\/wp\/v2\/pages\/11302","targetHints":{"allow":["GET"]}}],"collection":[{"href":"https:\/\/associaciobatibull.org\/es\/wp-json\/wp\/v2\/pages"}],"about":[{"href":"https:\/\/associaciobatibull.org\/es\/wp-json\/wp\/v2\/types\/page"}],"author":[{"embeddable":true,"href":"https:\/\/associaciobatibull.org\/es\/wp-json\/wp\/v2\/users\/1"}],"replies":[{"embeddable":true,"href":"https:\/\/associaciobatibull.org\/es\/wp-json\/wp\/v2\/comments?post=11302"}],"version-history":[{"count":3,"href":"https:\/\/associaciobatibull.org\/es\/wp-json\/wp\/v2\/pages\/11302\/revisions"}],"predecessor-version":[{"id":11706,"href":"https:\/\/associaciobatibull.org\/es\/wp-json\/wp\/v2\/pages\/11302\/revisions\/11706"}],"wp:attachment":[{"href":"https:\/\/associaciobatibull.org\/es\/wp-json\/wp\/v2\/media?parent=11302"}],"curies":[{"name":"wp","href":"https:\/\/api.w.org\/{rel}","templated":true}]}}