{"id":11251,"date":"2015-12-04T09:22:46","date_gmt":"2015-12-04T09:22:46","guid":{"rendered":"http:\/\/www.associaciobatibull.org\/es\/uec\/"},"modified":"2022-03-14T12:30:51","modified_gmt":"2022-03-14T12:30:51","slug":"uec","status":"publish","type":"page","link":"https:\/\/associaciobatibull.org\/es\/uec\/","title":{"rendered":"UEC"},"content":{"rendered":"<div class=\"fusion-fullwidth fullwidth-box hundred-percent-fullwidth non-hundred-percent-height-scrolling\"  style='background-color: rgba(255,255,255,0);background-position: center center;background-repeat: no-repeat;padding-top:0px;padding-right:0px;padding-bottom:0px;padding-left:0px;'><div class=\"fusion-builder-row fusion-row \"><div  class=\"fusion-layout-column fusion_builder_column fusion_builder_column_1_2  fusion-one-half fusion-column-first 1_2\"  style='margin-top:0px;margin-bottom:20px;width:48%; margin-right: 4%;'>\n\t\t\t\t\t<div class=\"fusion-column-wrapper\" style=\"padding: 0px 0px 0px 0px;background-position:left top;background-repeat:no-repeat;-webkit-background-size:cover;-moz-background-size:cover;-o-background-size:cover;background-size:cover;\"  data-bg-url=\"\">\n\t\t\t\t\t\t<div class=\"fusion-text\"><h2><strong>UEC Blanes<\/strong><\/h2>\n<p>Unidad de Escolarizaci\u00f3n Compartida<br \/>\nVila de Lloret n 98 17300 Blanes<br \/>\n<strong>Horario:<\/strong>\u00a0de lunes a viernes de 8.30h a 14:00h<br \/>\n<strong>Tel\u00e9fono:<\/strong><br \/>\n972.33.47.44 (UEC Blanes)<br \/>\n<strong>Correo electr\u00f3nico:<\/strong><br \/>\n<span style=\"color: #ff6600;\"><a style=\"color: #ff6600;\" href=\"mailto:uecblanes@associaciobatibull.org\" target=\"_blank\" rel=\"noopener\">uecblanes@associaciobatibull.org<\/a><\/span> (UEC Blanes)<\/p>\n<p>Las Unidades de Escolarizaci\u00f3n Compartida consisten en un recurso educativo dirigido a alumnos de 14 a 16 a\u00f1os que est\u00e1n cursando la ESO y requieren de una adaptaci\u00f3n personal e individualizada para poder alcanzar con \u00e9xito esta etapa de su vida y as\u00ed poder construir un futuro personal y laboral.Desde nuestras UEC dirigimos nuestra acci\u00f3n educativa y experiencia en el \u00e1mbito juvenil y la educaci\u00f3n no formal en este colectivo, realizando un acompa\u00f1amiento integral de los alumnos en su proceso madurativo a partir de posibilitar una formaci\u00f3n que estimule, ayude al cambio, al desarrollo integral y a la mejora de la calidad de vida. Una formaci\u00f3n socializadora que genere experiencias reales, compartidas y satisfactorias que potencien la vivencia de valores.<\/p>\n<p>Los curr\u00edculums adaptados que siguen lo hacen a partir de un recurso educativo basado en una estructura flexible, operativa y que posibilita procesos formativos normalizadores. Formaci\u00f3n centrada en una adaptaci\u00f3n basada en el aprendizaje de talleres profesionalizadores que les permitan un acercamiento a la edad laboral adulta.<\/p>\n<p>Nuestras UEC como espacio educativo deben crear las condiciones necesarias para cumplir las funciones de educaci\u00f3n integral:<\/p>\n<ul>\n<li>La Funci\u00f3n l\u00fadica creativa: de libre expresi\u00f3n, de diversi\u00f3n, estimulando todos los lenguajes art\u00edsticos (educaci\u00f3n est\u00e9tica).<\/li>\n<li>La Funci\u00f3n de participaci\u00f3n comunitaria: espacio colectivo, tiempo de practicar la democracia, la ciudadan\u00eda y la implicaci\u00f3n de los participantes en los asuntos sociales y culturales (educaci\u00f3n c\u00edvica).<\/li>\n<li>La Funci\u00f3n de relaciones sociales y de identidad individual: tiempo de amistades, de encuentro, de autoconocimiento, de desarrollo de la afectividad y las emociones (educaci\u00f3n emocional).<\/li>\n<li>La Funci\u00f3n \u00e9tica: espacio para vivir e interiorizar la solidaridad, el compromiso y la responsabilidad (educaci\u00f3n \u00e9tica).<\/li>\n<li>La Funci\u00f3n compensatoria de las desigualdades: espacio para nivelar desequilibrios y la falta de oportunidades (educaci\u00f3n social).<\/li>\n<li>La Funci\u00f3n ambiental: de relaci\u00f3n con el entorno m\u00e1s pr\u00f3ximo, promocionando el trabajo comunitario (educaci\u00f3n ambiental).<\/li>\n<\/ul>\n<\/div><div class=\"fusion-clearfix\"><\/div>\n\n\t\t\t\t\t<\/div>\n\t\t\t\t<\/div><div  class=\"fusion-layout-column fusion_builder_column fusion_builder_column_1_2  fusion-one-half fusion-column-last 1_2\"  style='margin-top:0px;margin-bottom:20px;width:48%'>\n\t\t\t\t\t<div class=\"fusion-column-wrapper\" style=\"padding: 0px 0px 0px 0px;background-position:left top;background-repeat:no-repeat;-webkit-background-size:cover;-moz-background-size:cover;-o-background-size:cover;background-size:cover;\"  data-bg-url=\"\">\n\t\t\t\t\t\t<div class=\"imageframe-align-center\"><span class=\"fusion-imageframe imageframe-none imageframe-1 hover-type-zoomout\"><a class=\"fusion-no-lightbox\" href=\"https:\/\/plus.google.com\/collection\/oZ8fgB\" target=\"_blank\" rel=\"noopener noreferrer\"><img decoding=\"async\" src=\"http:\/\/www.associaciobatibull.org\/wp-content\/uploads\/2015\/12\/Tattoos10-1024x768.jpg\" width=\"\" height=\"\" alt=\"GALERIA UEC LLORET\" class=\"img-responsive\"\/><\/a><\/span><\/div><div class=\"fusion-sep-clear\"><\/div><div class=\"fusion-separator fusion-full-width-sep sep-none\" style=\"margin-left: auto;margin-right: auto;margin-top:8px;margin-bottom:8px;\"><\/div><span class=\"fusion-imageframe imageframe-none imageframe-2 hover-type-zoomout\"><img decoding=\"async\" src=\"http:\/\/www.associaciobatibull.org\/wp-content\/uploads\/2013\/05\/uoc_foto.jpg\" width=\"\" height=\"\" alt=\"UEC\" title=\"\" class=\"img-responsive\"\/><\/span><div class=\"fusion-sep-clear\"><\/div><div class=\"fusion-separator fusion-full-width-sep sep-none\" style=\"margin-left: auto;margin-right: auto;margin-top:8px;margin-bottom:8px;\"><\/div><div class=\"fusion-text\"><p>Por tanto, nuestra finalidad es ACOMPA\u00d1AR el proceso formativo, la inserci\u00f3n social y laboral de estos adolescentes en situaci\u00f3n de riesgo mediante un acompa\u00f1amiento personalizado, integral e intensivo, estructurado alrededor del proyecto profesional de cada joven y la mejora de su empleabilidad. Trabajar con cada joven a partir de diferentes itinerarios de motivaci\u00f3n, formativos y laborales que le permiten un APOYO PERSONALIZADO en el proceso de inserci\u00f3n formativo o laboral. Adolescentes y J\u00f3venes que a\u00fan no han empezado a dibujar y pensar en su futuro laboral.<\/p>\n<\/div><div class=\"fusion-clearfix\"><\/div>\n\n\t\t\t\t\t<\/div>\n\t\t\t\t<\/div><\/div><\/div>\n","protected":false},"excerpt":{"rendered":"","protected":false},"author":1,"featured_media":0,"parent":0,"menu_order":0,"comment_status":"closed","ping_status":"closed","template":"","meta":{"footnotes":""},"class_list":["post-11251","page","type-page","status-publish","hentry"],"yoast_head":"<!-- This site is optimized with the Yoast SEO plugin v26.6 - https:\/\/yoast.com\/wordpress\/plugins\/seo\/ -->\n<title>UEC Lloret y Blanes - Inserci\u00f3n social y laboral de adolescentes<\/title>\n<meta name=\"description\" content=\"Proceso formativo, la inserci\u00f3n social y laboral de adolescentes en situaci\u00f3n de riesgo mediante un acompa\u00f1amiento personalizado, integral e intensivo.\" \/>\n<meta name=\"robots\" content=\"index, follow, max-snippet:-1, max-image-preview:large, max-video-preview:-1\" \/>\n<link rel=\"canonical\" href=\"https:\/\/associaciobatibull.org\/es\/uec\/\" \/>\n<meta property=\"og:locale\" content=\"es_ES\" \/>\n<meta property=\"og:type\" content=\"article\" \/>\n<meta property=\"og:title\" content=\"UEC Lloret y Blanes - Inserci\u00f3n social y laboral de adolescentes\" \/>\n<meta property=\"og:description\" content=\"Proceso formativo, la inserci\u00f3n social y laboral de adolescentes en situaci\u00f3n de riesgo mediante un acompa\u00f1amiento personalizado, integral e intensivo.\" \/>\n<meta property=\"og:url\" content=\"https:\/\/associaciobatibull.org\/es\/uec\/\" \/>\n<meta property=\"og:site_name\" content=\"BATIBULL\" \/>\n<meta property=\"article:publisher\" content=\"https:\/\/www.facebook.com\/associaciobatibullgirona\/\" \/>\n<meta property=\"article:modified_time\" content=\"2022-03-14T12:30:51+00:00\" \/>\n<meta property=\"og:image\" content=\"http:\/\/www.associaciobatibull.org\/wp-content\/uploads\/2015\/12\/Tattoos10-1024x768.jpg\" \/>\n<meta name=\"twitter:card\" content=\"summary_large_image\" \/>\n<meta name=\"twitter:label1\" content=\"Tiempo de lectura\" \/>\n\t<meta name=\"twitter:data1\" content=\"4 minutos\" \/>\n<script type=\"application\/ld+json\" class=\"yoast-schema-graph\">{\"@context\":\"https:\/\/schema.org\",\"@graph\":[{\"@type\":\"WebPage\",\"@id\":\"https:\/\/associaciobatibull.org\/es\/uec\/\",\"url\":\"https:\/\/associaciobatibull.org\/es\/uec\/\",\"name\":\"UEC Lloret y Blanes - Inserci\u00f3n social y laboral de adolescentes\",\"isPartOf\":{\"@id\":\"https:\/\/associaciobatibull.org\/#website\"},\"primaryImageOfPage\":{\"@id\":\"https:\/\/associaciobatibull.org\/es\/uec\/#primaryimage\"},\"image\":{\"@id\":\"https:\/\/associaciobatibull.org\/es\/uec\/#primaryimage\"},\"thumbnailUrl\":\"http:\/\/www.associaciobatibull.org\/wp-content\/uploads\/2015\/12\/Tattoos10-1024x768.jpg\",\"datePublished\":\"2015-12-04T09:22:46+00:00\",\"dateModified\":\"2022-03-14T12:30:51+00:00\",\"description\":\"Proceso formativo, la inserci\u00f3n social y laboral de adolescentes en situaci\u00f3n de riesgo mediante un acompa\u00f1amiento personalizado, integral e intensivo.\",\"breadcrumb\":{\"@id\":\"https:\/\/associaciobatibull.org\/es\/uec\/#breadcrumb\"},\"inLanguage\":\"es\",\"potentialAction\":[{\"@type\":\"ReadAction\",\"target\":[\"https:\/\/associaciobatibull.org\/es\/uec\/\"]}]},{\"@type\":\"ImageObject\",\"inLanguage\":\"es\",\"@id\":\"https:\/\/associaciobatibull.org\/es\/uec\/#primaryimage\",\"url\":\"http:\/\/www.associaciobatibull.org\/wp-content\/uploads\/2015\/12\/Tattoos10-1024x768.jpg\",\"contentUrl\":\"http:\/\/www.associaciobatibull.org\/wp-content\/uploads\/2015\/12\/Tattoos10-1024x768.jpg\"},{\"@type\":\"BreadcrumbList\",\"@id\":\"https:\/\/associaciobatibull.org\/es\/uec\/#breadcrumb\",\"itemListElement\":[{\"@type\":\"ListItem\",\"position\":1,\"name\":\"Inici\",\"item\":\"https:\/\/associaciobatibull.org\/es\/\"},{\"@type\":\"ListItem\",\"position\":2,\"name\":\"UEC\"}]},{\"@type\":\"WebSite\",\"@id\":\"https:\/\/associaciobatibull.org\/#website\",\"url\":\"https:\/\/associaciobatibull.org\/\",\"name\":\"BATIBULL\",\"description\":\"Associaci\u00f3 Juvenil de Girona\",\"publisher\":{\"@id\":\"https:\/\/associaciobatibull.org\/#organization\"},\"potentialAction\":[{\"@type\":\"SearchAction\",\"target\":{\"@type\":\"EntryPoint\",\"urlTemplate\":\"https:\/\/associaciobatibull.org\/?s={search_term_string}\"},\"query-input\":{\"@type\":\"PropertyValueSpecification\",\"valueRequired\":true,\"valueName\":\"search_term_string\"}}],\"inLanguage\":\"es\"},{\"@type\":\"Organization\",\"@id\":\"https:\/\/associaciobatibull.org\/#organization\",\"name\":\"BATIBULL\",\"alternateName\":\"Batibull\",\"url\":\"https:\/\/associaciobatibull.org\/\",\"logo\":{\"@type\":\"ImageObject\",\"inLanguage\":\"es\",\"@id\":\"https:\/\/associaciobatibull.org\/#\/schema\/logo\/image\/\",\"url\":\"https:\/\/www.associaciobatibull.org\/wp-content\/uploads\/2018\/05\/associacio-batibull-e1461772803928-1.png\",\"contentUrl\":\"https:\/\/www.associaciobatibull.org\/wp-content\/uploads\/2018\/05\/associacio-batibull-e1461772803928-1.png\",\"width\":191,\"height\":60,\"caption\":\"BATIBULL\"},\"image\":{\"@id\":\"https:\/\/associaciobatibull.org\/#\/schema\/logo\/image\/\"},\"sameAs\":[\"https:\/\/www.facebook.com\/associaciobatibullgirona\/\",\"https:\/\/www.instagram.com\/associaciobatibull\/\"]}]}<\/script>\n<!-- \/ Yoast SEO plugin. -->","yoast_head_json":{"title":"UEC Lloret y Blanes - Inserci\u00f3n social y laboral de adolescentes","description":"Proceso formativo, la inserci\u00f3n social y laboral de adolescentes en situaci\u00f3n de riesgo mediante un acompa\u00f1amiento personalizado, integral e intensivo.","robots":{"index":"index","follow":"follow","max-snippet":"max-snippet:-1","max-image-preview":"max-image-preview:large","max-video-preview":"max-video-preview:-1"},"canonical":"https:\/\/associaciobatibull.org\/es\/uec\/","og_locale":"es_ES","og_type":"article","og_title":"UEC Lloret y Blanes - Inserci\u00f3n social y laboral de adolescentes","og_description":"Proceso formativo, la inserci\u00f3n social y laboral de adolescentes en situaci\u00f3n de riesgo mediante un acompa\u00f1amiento personalizado, integral e intensivo.","og_url":"https:\/\/associaciobatibull.org\/es\/uec\/","og_site_name":"BATIBULL","article_publisher":"https:\/\/www.facebook.com\/associaciobatibullgirona\/","article_modified_time":"2022-03-14T12:30:51+00:00","og_image":[{"url":"http:\/\/www.associaciobatibull.org\/wp-content\/uploads\/2015\/12\/Tattoos10-1024x768.jpg","type":"","width":"","height":""}],"twitter_card":"summary_large_image","twitter_misc":{"Tiempo de lectura":"4 minutos"},"schema":{"@context":"https:\/\/schema.org","@graph":[{"@type":"WebPage","@id":"https:\/\/associaciobatibull.org\/es\/uec\/","url":"https:\/\/associaciobatibull.org\/es\/uec\/","name":"UEC Lloret y Blanes - Inserci\u00f3n social y laboral de adolescentes","isPartOf":{"@id":"https:\/\/associaciobatibull.org\/#website"},"primaryImageOfPage":{"@id":"https:\/\/associaciobatibull.org\/es\/uec\/#primaryimage"},"image":{"@id":"https:\/\/associaciobatibull.org\/es\/uec\/#primaryimage"},"thumbnailUrl":"http:\/\/www.associaciobatibull.org\/wp-content\/uploads\/2015\/12\/Tattoos10-1024x768.jpg","datePublished":"2015-12-04T09:22:46+00:00","dateModified":"2022-03-14T12:30:51+00:00","description":"Proceso formativo, la inserci\u00f3n social y laboral de adolescentes en situaci\u00f3n de riesgo mediante un acompa\u00f1amiento personalizado, integral e intensivo.","breadcrumb":{"@id":"https:\/\/associaciobatibull.org\/es\/uec\/#breadcrumb"},"inLanguage":"es","potentialAction":[{"@type":"ReadAction","target":["https:\/\/associaciobatibull.org\/es\/uec\/"]}]},{"@type":"ImageObject","inLanguage":"es","@id":"https:\/\/associaciobatibull.org\/es\/uec\/#primaryimage","url":"http:\/\/www.associaciobatibull.org\/wp-content\/uploads\/2015\/12\/Tattoos10-1024x768.jpg","contentUrl":"http:\/\/www.associaciobatibull.org\/wp-content\/uploads\/2015\/12\/Tattoos10-1024x768.jpg"},{"@type":"BreadcrumbList","@id":"https:\/\/associaciobatibull.org\/es\/uec\/#breadcrumb","itemListElement":[{"@type":"ListItem","position":1,"name":"Inici","item":"https:\/\/associaciobatibull.org\/es\/"},{"@type":"ListItem","position":2,"name":"UEC"}]},{"@type":"WebSite","@id":"https:\/\/associaciobatibull.org\/#website","url":"https:\/\/associaciobatibull.org\/","name":"BATIBULL","description":"Associaci\u00f3 Juvenil de Girona","publisher":{"@id":"https:\/\/associaciobatibull.org\/#organization"},"potentialAction":[{"@type":"SearchAction","target":{"@type":"EntryPoint","urlTemplate":"https:\/\/associaciobatibull.org\/?s={search_term_string}"},"query-input":{"@type":"PropertyValueSpecification","valueRequired":true,"valueName":"search_term_string"}}],"inLanguage":"es"},{"@type":"Organization","@id":"https:\/\/associaciobatibull.org\/#organization","name":"BATIBULL","alternateName":"Batibull","url":"https:\/\/associaciobatibull.org\/","logo":{"@type":"ImageObject","inLanguage":"es","@id":"https:\/\/associaciobatibull.org\/#\/schema\/logo\/image\/","url":"https:\/\/www.associaciobatibull.org\/wp-content\/uploads\/2018\/05\/associacio-batibull-e1461772803928-1.png","contentUrl":"https:\/\/www.associaciobatibull.org\/wp-content\/uploads\/2018\/05\/associacio-batibull-e1461772803928-1.png","width":191,"height":60,"caption":"BATIBULL"},"image":{"@id":"https:\/\/associaciobatibull.org\/#\/schema\/logo\/image\/"},"sameAs":["https:\/\/www.facebook.com\/associaciobatibullgirona\/","https:\/\/www.instagram.com\/associaciobatibull\/"]}]}},"_links":{"self":[{"href":"https:\/\/associaciobatibull.org\/es\/wp-json\/wp\/v2\/pages\/11251","targetHints":{"allow":["GET"]}}],"collection":[{"href":"https:\/\/associaciobatibull.org\/es\/wp-json\/wp\/v2\/pages"}],"about":[{"href":"https:\/\/associaciobatibull.org\/es\/wp-json\/wp\/v2\/types\/page"}],"author":[{"embeddable":true,"href":"https:\/\/associaciobatibull.org\/es\/wp-json\/wp\/v2\/users\/1"}],"replies":[{"embeddable":true,"href":"https:\/\/associaciobatibull.org\/es\/wp-json\/wp\/v2\/comments?post=11251"}],"version-history":[{"count":8,"href":"https:\/\/associaciobatibull.org\/es\/wp-json\/wp\/v2\/pages\/11251\/revisions"}],"predecessor-version":[{"id":12269,"href":"https:\/\/associaciobatibull.org\/es\/wp-json\/wp\/v2\/pages\/11251\/revisions\/12269"}],"wp:attachment":[{"href":"https:\/\/associaciobatibull.org\/es\/wp-json\/wp\/v2\/media?parent=11251"}],"curies":[{"name":"wp","href":"https:\/\/api.w.org\/{rel}","templated":true}]}}