{"id":11220,"date":"2015-12-02T11:07:41","date_gmt":"2015-12-02T11:07:41","guid":{"rendered":"http:\/\/www.associaciobatibull.org\/cuinem-generacions\/?lang=es"},"modified":"2018-05-02T11:14:50","modified_gmt":"2018-05-02T11:14:50","slug":"cocinamos-generaciones","status":"publish","type":"page","link":"https:\/\/associaciobatibull.org\/es\/cocinamos-generaciones\/","title":{"rendered":"Cocinamos Generaciones"},"content":{"rendered":"<div class=\"fusion-fullwidth fullwidth-box hundred-percent-fullwidth non-hundred-percent-height-scrolling\"  style='background-color: rgba(255,255,255,0);background-position: center center;background-repeat: no-repeat;padding-top:0px;padding-right:0px;padding-bottom:0px;padding-left:0px;'><div class=\"fusion-builder-row fusion-row \"><div  class=\"fusion-layout-column fusion_builder_column fusion_builder_column_1_2  fusion-one-half fusion-column-first 1_2\"  style='margin-top:0px;margin-bottom:20px;width:48%; margin-right: 4%;'>\n\t\t\t\t\t<div class=\"fusion-column-wrapper\" style=\"background-position:left top;background-repeat:no-repeat;-webkit-background-size:cover;-moz-background-size:cover;-o-background-size:cover;background-size:cover;\"  data-bg-url=\"\">\n\t\t\t\t\t\t<span class=\"fusion-imageframe imageframe-none imageframe-1 hover-type-none\"><img decoding=\"async\" src=\"http:\/\/www.associaciobatibull.org\/wp-content\/uploads\/2015\/03\/Cuinem-generacions1-1024x678.jpg\" width=\"\" height=\"\" alt=\"\" title=\"\" class=\"img-responsive\"\/><\/span><div class=\"fusion-sep-clear\"><\/div><div class=\"fusion-separator fusion-full-width-sep sep-none\" style=\"margin-left: auto;margin-right: auto;margin-top:8px;margin-bottom:8px;\"><\/div><span class=\"fusion-imageframe imageframe-none imageframe-2 hover-type-none\"><img decoding=\"async\" src=\"http:\/\/www.associaciobatibull.org\/wp-content\/uploads\/2015\/03\/Recepta-n1-1024x678.jpg\" width=\"\" height=\"\" alt=\"cuines\" title=\"\" class=\"img-responsive\"\/><\/span><div class=\"fusion-clearfix\"><\/div>\n\n\t\t\t\t\t<\/div>\n\t\t\t\t<\/div><div  class=\"fusion-layout-column fusion_builder_column fusion_builder_column_1_2  fusion-one-half fusion-column-last 1_2\"  style='margin-top:0px;margin-bottom:20px;width:48%'>\n\t\t\t\t\t<div class=\"fusion-column-wrapper\" style=\"background-position:left top;background-repeat:no-repeat;-webkit-background-size:cover;-moz-background-size:cover;-o-background-size:cover;background-size:cover;\"  data-bg-url=\"\">\n\t\t\t\t\t\t<div class=\"fusion-text\"><div class=\"blog-sidebar-wrapper mb0\">\n<div class=\"meta-left-full mt15 mb0\">\n<h2>COCINAMOS GENERACIONES<\/h2>\n<p><a style=\"color: #800080;\" href=\"https:\/\/plus.google.com\/u\/1\/collection\/g_IRgB\" target=\"_blank\">Galeria Cocinamos\u00a0Generaciones<\/a><\/p>\n<p>Cocinamos generaciones es un proyecto de ocio educativo que pretende establecer un v\u00ednculo intergeneracional entre personas mayores y j\u00f3venes; para mejorar la cohesi\u00f3n social de los dos colectivos que actualmente no disponen de muchas oportunidades de conocer, aprender y compartir dos realidades muy diferenciadas, y enriquecerse a trav\u00e9s de las potencialidades de ambas generaciones.<\/p>\n<p>La finalidad principal de este proyecto es promocionar el envejecimiento activo para optimizar las oportunidades de salud, participaci\u00f3n y mejorar la calidad de vida de las personas mayores enriqueciendo a la vez el desarrollo de los j\u00f3venes para potenciar su crecimiento integral y disfrutar de una experiencia de ocio creativo.<\/p>\n<p>Mediante la organizaci\u00f3n de diferentes talleres de cocina, as\u00ed como actividades l\u00fadicas y el dise\u00f1o de un blog, se realizar\u00e1 un proceso de ense\u00f1anza-aprendizaje motivador y alentador.<\/p>\n<p>En esta 2a edici\u00f3n, i a partir de este centro de inter\u00e9s, la cocina, se pretende potenciar el v\u00ednculo intergeneracional entre un colectivo de personas mayores procedentes de la Asociaci\u00f3n de Jubilados y Pensionistas de Vila-Roja (Girona) y un colectivo de j\u00f3venes (estudiantes del Grado de Pedagog\u00eda y Educaci\u00f3n Social de la Universidad de Girona y j\u00f3venes del territorio). En esta 2a edici\u00f3n contamos con el apoyo y la colaboraci\u00f3n del Centro C\u00edvico Onyar.<\/p>\n<p>Durante este proceso, el colectivo de personas mayores ense\u00f1ar\u00e1n como elaborar recetas de cocina a los j\u00f3venes, y estos dise\u00f1aran y realizaran el blog culinario llamado Cocinamos generaciones.<\/p>\n<\/div>\n<\/div>\n<\/div><div class=\"fusion-clearfix\"><\/div>\n\n\t\t\t\t\t<\/div>\n\t\t\t\t<\/div><\/div><\/div>\n","protected":false},"excerpt":{"rendered":"","protected":false},"author":1,"featured_media":12052,"parent":0,"menu_order":0,"comment_status":"closed","ping_status":"closed","template":"","meta":{"footnotes":""},"class_list":["post-11220","page","type-page","status-publish","has-post-thumbnail","hentry"],"yoast_head":"<!-- This site is optimized with the Yoast SEO plugin v26.6 - https:\/\/yoast.com\/wordpress\/plugins\/seo\/ -->\n<title>Cocinando Generaciones - Proyecto Intergeneracional<\/title>\n<meta name=\"description\" content=\"Cocinando Generaciones es un proyecto de ocio educativo que pretende establecer un v\u00ednculo intergeneracional entre personas mayores y j\u00f3venes.\" \/>\n<meta name=\"robots\" content=\"index, follow, max-snippet:-1, max-image-preview:large, max-video-preview:-1\" \/>\n<link rel=\"canonical\" href=\"https:\/\/associaciobatibull.org\/es\/cocinamos-generaciones\/\" \/>\n<meta property=\"og:locale\" content=\"es_ES\" \/>\n<meta property=\"og:type\" content=\"article\" \/>\n<meta property=\"og:title\" content=\"Cocinando Generaciones - Proyecto Intergeneracional\" \/>\n<meta property=\"og:description\" content=\"Cocinando Generaciones es un proyecto de ocio educativo que pretende establecer un v\u00ednculo intergeneracional entre personas mayores y j\u00f3venes.\" \/>\n<meta property=\"og:url\" content=\"https:\/\/associaciobatibull.org\/es\/cocinamos-generaciones\/\" \/>\n<meta property=\"og:site_name\" content=\"BATIBULL\" \/>\n<meta property=\"article:publisher\" content=\"https:\/\/www.facebook.com\/associaciobatibullgirona\/\" \/>\n<meta property=\"article:modified_time\" content=\"2018-05-02T11:14:50+00:00\" \/>\n<meta property=\"og:image\" content=\"https:\/\/associaciobatibull.org\/wp-content\/uploads\/2015\/03\/Cuinem-generacions1-e1772445272651.jpg\" \/>\n\t<meta property=\"og:image:width\" content=\"2772\" \/>\n\t<meta property=\"og:image:height\" content=\"1836\" \/>\n\t<meta property=\"og:image:type\" content=\"image\/jpeg\" \/>\n<meta name=\"twitter:card\" content=\"summary_large_image\" \/>\n<meta name=\"twitter:label1\" content=\"Tiempo de lectura\" \/>\n\t<meta name=\"twitter:data1\" content=\"3 minutos\" \/>\n<script type=\"application\/ld+json\" class=\"yoast-schema-graph\">{\"@context\":\"https:\/\/schema.org\",\"@graph\":[{\"@type\":\"WebPage\",\"@id\":\"https:\/\/associaciobatibull.org\/es\/cocinamos-generaciones\/\",\"url\":\"https:\/\/associaciobatibull.org\/es\/cocinamos-generaciones\/\",\"name\":\"Cocinando Generaciones - Proyecto Intergeneracional\",\"isPartOf\":{\"@id\":\"https:\/\/associaciobatibull.org\/#website\"},\"primaryImageOfPage\":{\"@id\":\"https:\/\/associaciobatibull.org\/es\/cocinamos-generaciones\/#primaryimage\"},\"image\":{\"@id\":\"https:\/\/associaciobatibull.org\/es\/cocinamos-generaciones\/#primaryimage\"},\"thumbnailUrl\":\"https:\/\/associaciobatibull.org\/wp-content\/uploads\/2015\/03\/Cuinem-generacions1-e1772445272651.jpg\",\"datePublished\":\"2015-12-02T11:07:41+00:00\",\"dateModified\":\"2018-05-02T11:14:50+00:00\",\"description\":\"Cocinando Generaciones es un proyecto de ocio educativo que pretende establecer un v\u00ednculo intergeneracional entre personas mayores y j\u00f3venes.\",\"breadcrumb\":{\"@id\":\"https:\/\/associaciobatibull.org\/es\/cocinamos-generaciones\/#breadcrumb\"},\"inLanguage\":\"es\",\"potentialAction\":[{\"@type\":\"ReadAction\",\"target\":[\"https:\/\/associaciobatibull.org\/es\/cocinamos-generaciones\/\"]}]},{\"@type\":\"ImageObject\",\"inLanguage\":\"es\",\"@id\":\"https:\/\/associaciobatibull.org\/es\/cocinamos-generaciones\/#primaryimage\",\"url\":\"https:\/\/associaciobatibull.org\/wp-content\/uploads\/2015\/03\/Cuinem-generacions1-e1772445272651.jpg\",\"contentUrl\":\"https:\/\/associaciobatibull.org\/wp-content\/uploads\/2015\/03\/Cuinem-generacions1-e1772445272651.jpg\",\"width\":2772,\"height\":1836,\"caption\":\"Participants del projecte Cuinem Generacions compartint un moment al taller de cuina al Centre C\u00edvic Barri Vell-Mercadal.\"},{\"@type\":\"BreadcrumbList\",\"@id\":\"https:\/\/associaciobatibull.org\/es\/cocinamos-generaciones\/#breadcrumb\",\"itemListElement\":[{\"@type\":\"ListItem\",\"position\":1,\"name\":\"Inici\",\"item\":\"https:\/\/associaciobatibull.org\/es\/\"},{\"@type\":\"ListItem\",\"position\":2,\"name\":\"Cocinamos Generaciones\"}]},{\"@type\":\"WebSite\",\"@id\":\"https:\/\/associaciobatibull.org\/#website\",\"url\":\"https:\/\/associaciobatibull.org\/\",\"name\":\"BATIBULL\",\"description\":\"Associaci\u00f3 Juvenil de Girona\",\"publisher\":{\"@id\":\"https:\/\/associaciobatibull.org\/#organization\"},\"potentialAction\":[{\"@type\":\"SearchAction\",\"target\":{\"@type\":\"EntryPoint\",\"urlTemplate\":\"https:\/\/associaciobatibull.org\/?s={search_term_string}\"},\"query-input\":{\"@type\":\"PropertyValueSpecification\",\"valueRequired\":true,\"valueName\":\"search_term_string\"}}],\"inLanguage\":\"es\"},{\"@type\":\"Organization\",\"@id\":\"https:\/\/associaciobatibull.org\/#organization\",\"name\":\"BATIBULL\",\"alternateName\":\"Batibull\",\"url\":\"https:\/\/associaciobatibull.org\/\",\"logo\":{\"@type\":\"ImageObject\",\"inLanguage\":\"es\",\"@id\":\"https:\/\/associaciobatibull.org\/#\/schema\/logo\/image\/\",\"url\":\"https:\/\/www.associaciobatibull.org\/wp-content\/uploads\/2018\/05\/associacio-batibull-e1461772803928-1.png\",\"contentUrl\":\"https:\/\/www.associaciobatibull.org\/wp-content\/uploads\/2018\/05\/associacio-batibull-e1461772803928-1.png\",\"width\":191,\"height\":60,\"caption\":\"BATIBULL\"},\"image\":{\"@id\":\"https:\/\/associaciobatibull.org\/#\/schema\/logo\/image\/\"},\"sameAs\":[\"https:\/\/www.facebook.com\/associaciobatibullgirona\/\",\"https:\/\/www.instagram.com\/associaciobatibull\/\"]}]}<\/script>\n<!-- \/ Yoast SEO plugin. -->","yoast_head_json":{"title":"Cocinando Generaciones - Proyecto Intergeneracional","description":"Cocinando Generaciones es un proyecto de ocio educativo que pretende establecer un v\u00ednculo intergeneracional entre personas mayores y j\u00f3venes.","robots":{"index":"index","follow":"follow","max-snippet":"max-snippet:-1","max-image-preview":"max-image-preview:large","max-video-preview":"max-video-preview:-1"},"canonical":"https:\/\/associaciobatibull.org\/es\/cocinamos-generaciones\/","og_locale":"es_ES","og_type":"article","og_title":"Cocinando Generaciones - Proyecto Intergeneracional","og_description":"Cocinando Generaciones es un proyecto de ocio educativo que pretende establecer un v\u00ednculo intergeneracional entre personas mayores y j\u00f3venes.","og_url":"https:\/\/associaciobatibull.org\/es\/cocinamos-generaciones\/","og_site_name":"BATIBULL","article_publisher":"https:\/\/www.facebook.com\/associaciobatibullgirona\/","article_modified_time":"2018-05-02T11:14:50+00:00","og_image":[{"width":2772,"height":1836,"url":"https:\/\/associaciobatibull.org\/wp-content\/uploads\/2015\/03\/Cuinem-generacions1-e1772445272651.jpg","type":"image\/jpeg"}],"twitter_card":"summary_large_image","twitter_misc":{"Tiempo de lectura":"3 minutos"},"schema":{"@context":"https:\/\/schema.org","@graph":[{"@type":"WebPage","@id":"https:\/\/associaciobatibull.org\/es\/cocinamos-generaciones\/","url":"https:\/\/associaciobatibull.org\/es\/cocinamos-generaciones\/","name":"Cocinando Generaciones - Proyecto Intergeneracional","isPartOf":{"@id":"https:\/\/associaciobatibull.org\/#website"},"primaryImageOfPage":{"@id":"https:\/\/associaciobatibull.org\/es\/cocinamos-generaciones\/#primaryimage"},"image":{"@id":"https:\/\/associaciobatibull.org\/es\/cocinamos-generaciones\/#primaryimage"},"thumbnailUrl":"https:\/\/associaciobatibull.org\/wp-content\/uploads\/2015\/03\/Cuinem-generacions1-e1772445272651.jpg","datePublished":"2015-12-02T11:07:41+00:00","dateModified":"2018-05-02T11:14:50+00:00","description":"Cocinando Generaciones es un proyecto de ocio educativo que pretende establecer un v\u00ednculo intergeneracional entre personas mayores y j\u00f3venes.","breadcrumb":{"@id":"https:\/\/associaciobatibull.org\/es\/cocinamos-generaciones\/#breadcrumb"},"inLanguage":"es","potentialAction":[{"@type":"ReadAction","target":["https:\/\/associaciobatibull.org\/es\/cocinamos-generaciones\/"]}]},{"@type":"ImageObject","inLanguage":"es","@id":"https:\/\/associaciobatibull.org\/es\/cocinamos-generaciones\/#primaryimage","url":"https:\/\/associaciobatibull.org\/wp-content\/uploads\/2015\/03\/Cuinem-generacions1-e1772445272651.jpg","contentUrl":"https:\/\/associaciobatibull.org\/wp-content\/uploads\/2015\/03\/Cuinem-generacions1-e1772445272651.jpg","width":2772,"height":1836,"caption":"Participants del projecte Cuinem Generacions compartint un moment al taller de cuina al Centre C\u00edvic Barri Vell-Mercadal."},{"@type":"BreadcrumbList","@id":"https:\/\/associaciobatibull.org\/es\/cocinamos-generaciones\/#breadcrumb","itemListElement":[{"@type":"ListItem","position":1,"name":"Inici","item":"https:\/\/associaciobatibull.org\/es\/"},{"@type":"ListItem","position":2,"name":"Cocinamos Generaciones"}]},{"@type":"WebSite","@id":"https:\/\/associaciobatibull.org\/#website","url":"https:\/\/associaciobatibull.org\/","name":"BATIBULL","description":"Associaci\u00f3 Juvenil de Girona","publisher":{"@id":"https:\/\/associaciobatibull.org\/#organization"},"potentialAction":[{"@type":"SearchAction","target":{"@type":"EntryPoint","urlTemplate":"https:\/\/associaciobatibull.org\/?s={search_term_string}"},"query-input":{"@type":"PropertyValueSpecification","valueRequired":true,"valueName":"search_term_string"}}],"inLanguage":"es"},{"@type":"Organization","@id":"https:\/\/associaciobatibull.org\/#organization","name":"BATIBULL","alternateName":"Batibull","url":"https:\/\/associaciobatibull.org\/","logo":{"@type":"ImageObject","inLanguage":"es","@id":"https:\/\/associaciobatibull.org\/#\/schema\/logo\/image\/","url":"https:\/\/www.associaciobatibull.org\/wp-content\/uploads\/2018\/05\/associacio-batibull-e1461772803928-1.png","contentUrl":"https:\/\/www.associaciobatibull.org\/wp-content\/uploads\/2018\/05\/associacio-batibull-e1461772803928-1.png","width":191,"height":60,"caption":"BATIBULL"},"image":{"@id":"https:\/\/associaciobatibull.org\/#\/schema\/logo\/image\/"},"sameAs":["https:\/\/www.facebook.com\/associaciobatibullgirona\/","https:\/\/www.instagram.com\/associaciobatibull\/"]}]}},"_links":{"self":[{"href":"https:\/\/associaciobatibull.org\/es\/wp-json\/wp\/v2\/pages\/11220","targetHints":{"allow":["GET"]}}],"collection":[{"href":"https:\/\/associaciobatibull.org\/es\/wp-json\/wp\/v2\/pages"}],"about":[{"href":"https:\/\/associaciobatibull.org\/es\/wp-json\/wp\/v2\/types\/page"}],"author":[{"embeddable":true,"href":"https:\/\/associaciobatibull.org\/es\/wp-json\/wp\/v2\/users\/1"}],"replies":[{"embeddable":true,"href":"https:\/\/associaciobatibull.org\/es\/wp-json\/wp\/v2\/comments?post=11220"}],"version-history":[{"count":6,"href":"https:\/\/associaciobatibull.org\/es\/wp-json\/wp\/v2\/pages\/11220\/revisions"}],"predecessor-version":[{"id":11686,"href":"https:\/\/associaciobatibull.org\/es\/wp-json\/wp\/v2\/pages\/11220\/revisions\/11686"}],"wp:featuredmedia":[{"embeddable":true,"href":"https:\/\/associaciobatibull.org\/es\/wp-json\/wp\/v2\/media\/12052"}],"wp:attachment":[{"href":"https:\/\/associaciobatibull.org\/es\/wp-json\/wp\/v2\/media?parent=11220"}],"curies":[{"name":"wp","href":"https:\/\/api.w.org\/{rel}","templated":true}]}}